{"id":432,"date":"2025-07-25T05:37:02","date_gmt":"2025-07-25T05:37:02","guid":{"rendered":"https:\/\/iapjalisco.org.mx\/?page_id=432"},"modified":"2026-04-28T19:42:00","modified_gmt":"2026-04-28T19:42:00","slug":"res-mfag","status":"publish","type":"page","link":"https:\/\/iapjalisco.org.mx\/index.php\/res-mfag\/","title":{"rendered":"Res-MFAG"},"content":{"rendered":"\t\t<div data-elementor-type=\"wp-page\" data-elementor-id=\"432\" class=\"elementor elementor-432\" data-elementor-post-type=\"page\">\n\t\t\t\t<div class=\"elementor-element elementor-element-8cde58b e-flex e-con-boxed e-con e-parent\" data-id=\"8cde58b\" data-element_type=\"container\" data-e-type=\"container\">\n\t\t\t\t\t<div class=\"e-con-inner\">\n\t\t\t\t<div class=\"elementor-element elementor-element-c82c4b0 elementor-widget elementor-widget-heading\" data-id=\"c82c4b0\" data-element_type=\"widget\" data-e-type=\"widget\" data-widget_type=\"heading.default\">\n\t\t\t\t<div class=\"elementor-widget-container\">\n\t\t\t\t\t<h2 class=\"elementor-heading-title elementor-size-default\">Rese\u00f1a curricular:\nMAESTR\u00cdA EN FINANZAS Y AUDITORIA GUBERNAMENTAL<\/h2>\t\t\t\t<\/div>\n\t\t\t\t<\/div>\n\t\t\t\t<div class=\"elementor-element elementor-element-8e0ebeb elementor-widget elementor-widget-text-editor\" data-id=\"8e0ebeb\" data-element_type=\"widget\" data-e-type=\"widget\" data-widget_type=\"text-editor.default\">\n\t\t\t\t<div class=\"elementor-widget-container\">\n\t\t\t\t\t\t\t\t\t<p>Bienvenidos a esta p\u00e1gina dedicada a ofrecer una visi\u00f3n general de los perfiles del personal docente de la Maestr\u00eda en Finanzas y Auditoria Gubernamental. Aqu\u00ed encontrar\u00e1s informaci\u00f3n clave sobre los objetivos formativos, las l\u00edneas de investigaci\u00f3n, y la trayectoria de los docentes que conforman el n\u00facleo acad\u00e9mico, destacando su experiencia, publicaciones y aportaciones al campo. Esta rese\u00f1a busca proporcionar una referencia clara y completa para aspirantes, investigadores y profesionales interesados en el programa.<\/p><p>Haz click en el signo de + para desplegar la informaci\u00f3n de cada docente.<\/p>\t\t\t\t\t\t\t\t<\/div>\n\t\t\t\t<\/div>\n\t\t\t\t\t<\/div>\n\t\t\t\t<\/div>\n\t\t<div class=\"elementor-element elementor-element-0caa157 e-flex e-con-boxed e-con e-parent\" data-id=\"0caa157\" data-element_type=\"container\" data-e-type=\"container\">\n\t\t\t\t\t<div class=\"e-con-inner\">\n\t\t\t\t<div class=\"elementor-element elementor-element-3a12c84 elementor-widget elementor-widget-n-accordion\" data-id=\"3a12c84\" data-element_type=\"widget\" data-e-type=\"widget\" data-settings=\"{&quot;default_state&quot;:&quot;all_collapsed&quot;,&quot;max_items_expended&quot;:&quot;multiple&quot;,&quot;n_accordion_animation_duration&quot;:{&quot;unit&quot;:&quot;ms&quot;,&quot;size&quot;:400,&quot;sizes&quot;:[]}}\" data-widget_type=\"nested-accordion.default\">\n\t\t\t\t<div class=\"elementor-widget-container\">\n\t\t\t\t\t\t\t<div class=\"e-n-accordion\" aria-label=\"Accordion. Open links with Enter or Space, close with Escape, and navigate with Arrow Keys\">\n\t\t\t\t\t\t<details id=\"e-n-accordion-item-6080\" class=\"e-n-accordion-item\" >\n\t\t\t\t<summary class=\"e-n-accordion-item-title\" data-accordion-index=\"1\" tabindex=\"0\" aria-expanded=\"false\" aria-controls=\"e-n-accordion-item-6080\" >\n\t\t\t\t\t<span class='e-n-accordion-item-title-header'><div class=\"e-n-accordion-item-title-text\"> Mtra. Alma Patricia Medrano Figueroa <\/div><\/span>\n\t\t\t\t\t\t\t<span class='e-n-accordion-item-title-icon'>\n\t\t\t<span class='e-opened' ><svg aria-hidden=\"true\" class=\"e-font-icon-svg e-fas-minus\" viewBox=\"0 0 448 512\" xmlns=\"http:\/\/www.w3.org\/2000\/svg\"><path d=\"M416 208H32c-17.67 0-32 14.33-32 32v32c0 17.67 14.33 32 32 32h384c17.67 0 32-14.33 32-32v-32c0-17.67-14.33-32-32-32z\"><\/path><\/svg><\/span>\n\t\t\t<span class='e-closed'><svg aria-hidden=\"true\" class=\"e-font-icon-svg e-fas-plus\" viewBox=\"0 0 448 512\" xmlns=\"http:\/\/www.w3.org\/2000\/svg\"><path d=\"M416 208H272V64c0-17.67-14.33-32-32-32h-32c-17.67 0-32 14.33-32 32v144H32c-17.67 0-32 14.33-32 32v32c0 17.67 14.33 32 32 32h144v144c0 17.67 14.33 32 32 32h32c17.67 0 32-14.33 32-32V304h144c17.67 0 32-14.33 32-32v-32c0-17.67-14.33-32-32-32z\"><\/path><\/svg><\/span>\n\t\t<\/span>\n\n\t\t\t\t\t\t<\/summary>\n\t\t\t\t<div role=\"region\" aria-labelledby=\"e-n-accordion-item-6080\" class=\"elementor-element elementor-element-4837dc7 e-flex e-con-boxed e-con e-child\" data-id=\"4837dc7\" data-element_type=\"container\" data-e-type=\"container\">\n\t\t\t\t\t<div class=\"e-con-inner\">\n\t\t\t\t<div class=\"elementor-element elementor-element-55fbaa2 elementor-widget elementor-widget-image\" data-id=\"55fbaa2\" data-element_type=\"widget\" data-e-type=\"widget\" data-widget_type=\"image.default\">\n\t\t\t\t<div class=\"elementor-widget-container\">\n\t\t\t\t\t\t\t\t\t\t\t\t\t\t\t<img decoding=\"async\" width=\"150\" height=\"150\" src=\"https:\/\/iapjalisco.org.mx\/wp-content\/uploads\/2025\/07\/mt_medranofigueroa-150x150.jpg\" class=\"attachment-thumbnail size-thumbnail wp-image-479\" alt=\"\" srcset=\"https:\/\/iapjalisco.org.mx\/wp-content\/uploads\/2025\/07\/mt_medranofigueroa-150x150.jpg 150w, https:\/\/iapjalisco.org.mx\/wp-content\/uploads\/2025\/07\/mt_medranofigueroa.jpg 277w\" sizes=\"(max-width: 150px) 100vw, 150px\" \/>\t\t\t\t\t\t\t\t\t\t\t\t\t\t\t<\/div>\n\t\t\t\t<\/div>\n\t\t\t\t<div class=\"elementor-element elementor-element-9987914 elementor-widget__width-initial elementor-widget elementor-widget-text-editor\" data-id=\"9987914\" data-element_type=\"widget\" data-e-type=\"widget\" data-widget_type=\"text-editor.default\">\n\t\t\t\t<div class=\"elementor-widget-container\">\n\t\t\t\t\t\t\t\t\t<h3><span style=\"color: #5b1a1f;\">Coordinadora acad\u00e9mica<\/span><\/h3>\n<h3><span style=\"color: #5b1a1f;\">Descripci\u00f3n profesional<\/span><\/h3>\n<ul>\n<li><strong>Doctorante en Fiscal<\/strong> por la Universidad Contempor\u00e1nea de las Am\u00e9ricas, Maestra en Administraci\u00f3n P\u00fablica por el Instituto de Administraci\u00f3n P\u00fablica del Estado de Jalisco y sus Municipios A.C., y <strong>Maestra en Impuestos<\/strong> por el Instituto de Especializaci\u00f3n para Ejecutivos, S.C., plantel Guadalajara, obteniendo menci\u00f3n honor\u00edfica en ambos posgrados.<\/li>\n<li>Egresada de la <strong>Licenciatura en Contadur\u00eda P\u00fablica<\/strong> por la Universidad de Guadalajara, del Centro Universitario de Ciencias Econ\u00f3mico Administrativas, tambi\u00e9n con menci\u00f3n honor\u00edfica.<\/li>\n<li>Galardonada con el reconocimiento \u201c<strong>Profesionista Destacada de Jalisco 2025<\/strong>\u201d, otorgado por el Gobierno del Estado de Jalisco, en m\u00e9rito a su destacada trayectoria profesional.<\/li>\n<li><strong>Especialista en Fiscalizaci\u00f3n de Impuestos<\/strong><span style=\"font-weight: 300;\"> en M\u00e9xico por INDETEC.<\/span><\/li>\n<li><span style=\"font-weight: 300;\">Curs\u00f3 el programa \u201c<strong>Mejores Pr\u00e1cticas en la Administraci\u00f3n Tributaria<\/strong>\u201d (1\u00aa edici\u00f3n) del Instituto de Estudios Fiscales de Espa\u00f1a.<\/span><\/li>\n<li><strong>Asistente al XVIII Curso de Pasant\u00edas para Alumnos Municipalistas Iberoamericanos 2023<\/strong><span style=\"font-weight: 300;\">, organizado por la Federaci\u00f3n Espa\u00f1ola de Municipios y Provincias, el Ayuntamiento de Valladolid Espa\u00f1a y la Organizaci\u00f3n Iberoamericana de Cooperaci\u00f3n Intermunicipal.<\/span><\/li>\n<li><span style=\"font-weight: 300;\">Colabor\u00f3 con el Servicio de Administraci\u00f3n Tributaria como <\/span><strong>Auditor Fiscal en el \u00e1rea de visitas domiciliarias<\/strong><span style=\"font-weight: 300;\">.<\/span><\/li>\n<\/ul>\n<h3><span style=\"color: #5b1a1f;\">Actualmente se desmpe\u00f1a como<\/span><\/h3>\n<ul>\n<li><strong>Subdirectora del \u00e1rea Tributaria<\/strong><span style=\"font-weight: 400;\"> dentro de la Direcci\u00f3n de Colaboraci\u00f3n Administrativa y Desarrollo Jur\u00eddico de la Hacienda Estatal en el INDETEC (Instituto Para el Desarrollo T\u00e9cnico de las Haciendas P\u00fablicas).\u00a0<\/span><\/li>\n<li><strong>Instructora de cursos en materia fiscal<\/strong><span style=\"font-weight: 400;\"> a funcionarios p\u00fablicos de las Haciendas P\u00fablicas de las Entidades Federativas.<\/span><\/li>\n<li><span style=\"font-weight: 400;\">Especialista en el tratamiento fiscal de los entes p\u00fablicos.<\/span><\/li>\n<li>Participaci\u00f3n en la investigaci\u00f3n especial publicada por INDETEC \u201c<strong>Impuesto a la Tenencia 2020<\/strong>\u201d.<\/li>\n<li>Tutor certificado para cursos en l\u00ednea por el Instituto Interamericano para el Desarrollo Econ\u00f3mico y Social (INDES) del Banco Interamericano de Desarrollo (BID).<\/li>\n<li>Autora de varios art\u00edculos en la revista de \u201cFederalismo Hacendario\u201d, \u201cHacienda Municipal\u201d, \u201cBolet\u00edn Financiero\u201d y \u201cBolet\u00edn Tributario\u201d de INDETEC, y en la revista del SATEG.<\/li>\n<li><strong>Asesora t\u00e9cnica de la \u201cEspecialidad en Fiscalizaci\u00f3n de Impuestos en M\u00e9xico\u201d <\/strong><span style=\"font-weight: 400;\">de INDETEC.<\/span><\/li>\n<li><strong>Docente de maestr\u00eda<\/strong> en el Instituto de Administraci\u00f3n P\u00fablica del Estado de Jalisco (IAPEJ).<\/li>\n<\/ul>\t\t\t\t\t\t\t\t<\/div>\n\t\t\t\t<\/div>\n\t\t\t\t\t<\/div>\n\t\t\t\t<\/div>\n\t\t\t\t\t<\/details>\n\t\t\t\t\t\t<details id=\"e-n-accordion-item-6081\" class=\"e-n-accordion-item\" >\n\t\t\t\t<summary class=\"e-n-accordion-item-title\" data-accordion-index=\"2\" tabindex=\"-1\" aria-expanded=\"false\" aria-controls=\"e-n-accordion-item-6081\" >\n\t\t\t\t\t<span class='e-n-accordion-item-title-header'><div class=\"e-n-accordion-item-title-text\"> Dr. Jes\u00fas Tadeo Ramirez Flores <\/div><\/span>\n\t\t\t\t\t\t\t<span class='e-n-accordion-item-title-icon'>\n\t\t\t<span class='e-opened' ><svg aria-hidden=\"true\" class=\"e-font-icon-svg e-fas-minus\" viewBox=\"0 0 448 512\" xmlns=\"http:\/\/www.w3.org\/2000\/svg\"><path d=\"M416 208H32c-17.67 0-32 14.33-32 32v32c0 17.67 14.33 32 32 32h384c17.67 0 32-14.33 32-32v-32c0-17.67-14.33-32-32-32z\"><\/path><\/svg><\/span>\n\t\t\t<span class='e-closed'><svg aria-hidden=\"true\" class=\"e-font-icon-svg e-fas-plus\" viewBox=\"0 0 448 512\" xmlns=\"http:\/\/www.w3.org\/2000\/svg\"><path d=\"M416 208H272V64c0-17.67-14.33-32-32-32h-32c-17.67 0-32 14.33-32 32v144H32c-17.67 0-32 14.33-32 32v32c0 17.67 14.33 32 32 32h144v144c0 17.67 14.33 32 32 32h32c17.67 0 32-14.33 32-32V304h144c17.67 0 32-14.33 32-32v-32c0-17.67-14.33-32-32-32z\"><\/path><\/svg><\/span>\n\t\t<\/span>\n\n\t\t\t\t\t\t<\/summary>\n\t\t\t\t<div role=\"region\" aria-labelledby=\"e-n-accordion-item-6081\" class=\"elementor-element elementor-element-b117c78 e-flex e-con-boxed e-con e-child\" data-id=\"b117c78\" data-element_type=\"container\" data-e-type=\"container\">\n\t\t\t\t\t<div class=\"e-con-inner\">\n\t\t\t\t<div class=\"elementor-element elementor-element-0af1a14 elementor-widget elementor-widget-image\" data-id=\"0af1a14\" data-element_type=\"widget\" data-e-type=\"widget\" data-widget_type=\"image.default\">\n\t\t\t\t<div class=\"elementor-widget-container\">\n\t\t\t\t\t\t\t\t\t\t\t\t\t\t\t<img decoding=\"async\" width=\"150\" height=\"150\" src=\"https:\/\/iapjalisco.org.mx\/wp-content\/uploads\/2025\/07\/dr_ramirezflores-150x150.jpg\" class=\"attachment-thumbnail size-thumbnail wp-image-460\" alt=\"\" srcset=\"https:\/\/iapjalisco.org.mx\/wp-content\/uploads\/2025\/07\/dr_ramirezflores-150x150.jpg 150w, https:\/\/iapjalisco.org.mx\/wp-content\/uploads\/2025\/07\/dr_ramirezflores.jpg 284w\" sizes=\"(max-width: 150px) 100vw, 150px\" \/>\t\t\t\t\t\t\t\t\t\t\t\t\t\t\t<\/div>\n\t\t\t\t<\/div>\n\t\t\t\t<div class=\"elementor-element elementor-element-f5c54d0 elementor-widget__width-initial elementor-widget elementor-widget-text-editor\" data-id=\"f5c54d0\" data-element_type=\"widget\" data-e-type=\"widget\" data-widget_type=\"text-editor.default\">\n\t\t\t\t<div class=\"elementor-widget-container\">\n\t\t\t\t\t\t\t\t\t<h3><span style=\"color: #5b1a1f;\">Docente de la Maestr\u00eda en Finanzas y AG y Maestr\u00eda en Administraci\u00f3n P\u00fablica<\/span><\/h3><h3><span style=\"color: #5b1a1f;\">Descripci\u00f3n profesional<\/span><\/h3><ul><li><span style=\"font-weight: 400;\">Licenciado en Econom\u00eda<\/span><span style=\"font-weight: 300;\"> por la Universidad Veracruzana, titulado por excelencia acad\u00e9mica.<\/span><\/li><li><span style=\"font-weight: 400;\">Maestro en Econom\u00eda<\/span><span style=\"font-weight: 300;\"> por el Instituto Tecnol\u00f3gico Aut\u00f3nomo de M\u00e9xico (ITAM).<\/span><\/li><li><span style=\"font-weight: 400;\">Doctor en Fiscal y Doctorante en el programa de Administraci\u00f3n P\u00fablica <\/span><span style=\"font-weight: 300;\">en el Instituto de Administraci\u00f3n P\u00fablica del Estado de Jalisco y sus Municipios, A. C.\u00a0<\/span><\/li><\/ul><h3><span style=\"color: #5b1a1f;\">Actualmente se desmpe\u00f1a como<\/span><\/h3><ul><li><span style=\"font-weight: 400;\">Se desempe\u00f1a como <\/span><strong>Subdirector de Ciencia de Datos <\/strong><span style=\"font-weight: 400;\">en el Instituto para el Desarrollo T\u00e9cnico de las Haciendas P\u00fablicas.<\/span><\/li><li><strong>Ha publicado varios libros <\/strong><span style=\"font-weight: 400;\">y art\u00edculos de temas relacionados con la hacienda p\u00fablica.<\/span><\/li><li><strong>Docente de maestr\u00eda<\/strong><span style=\"font-weight: 400;\"> en el Instituto de Administraci\u00f3n P\u00fablica del Estado de Jalisco y sus Municipios.<\/span><\/li><li><span style=\"font-weight: 400;\">Cuenta con m\u00e1s de <\/span><strong>15 a\u00f1os de experiencia en el sector p\u00fablico<\/strong><span style=\"font-weight: 400;\">.<\/span><\/li><li><span style=\"font-weight: 400;\">Se ha desempe\u00f1ado como <\/span><strong>asesor en un congreso local.<\/strong><\/li><li><strong>Subdirector de \u00e1rea de la Unidad de Coordinaci\u00f3n con las Entidades Federativas (UCEF) <\/strong><span style=\"font-weight: 400;\">de la Secretar\u00eda de Hacienda y Cr\u00e9dito P\u00fablico.<\/span><\/li><\/ul><p>\u00a0<\/p>\t\t\t\t\t\t\t\t<\/div>\n\t\t\t\t<\/div>\n\t\t\t\t\t<\/div>\n\t\t\t\t<\/div>\n\t\t\t\t\t<\/details>\n\t\t\t\t\t\t<details id=\"e-n-accordion-item-6082\" class=\"e-n-accordion-item\" >\n\t\t\t\t<summary class=\"e-n-accordion-item-title\" data-accordion-index=\"3\" tabindex=\"-1\" aria-expanded=\"false\" aria-controls=\"e-n-accordion-item-6082\" >\n\t\t\t\t\t<span class='e-n-accordion-item-title-header'><div class=\"e-n-accordion-item-title-text\"> Dr Francisco Javier Flores Perez <\/div><\/span>\n\t\t\t\t\t\t\t<span class='e-n-accordion-item-title-icon'>\n\t\t\t<span class='e-opened' ><svg aria-hidden=\"true\" class=\"e-font-icon-svg e-fas-minus\" viewBox=\"0 0 448 512\" xmlns=\"http:\/\/www.w3.org\/2000\/svg\"><path d=\"M416 208H32c-17.67 0-32 14.33-32 32v32c0 17.67 14.33 32 32 32h384c17.67 0 32-14.33 32-32v-32c0-17.67-14.33-32-32-32z\"><\/path><\/svg><\/span>\n\t\t\t<span class='e-closed'><svg aria-hidden=\"true\" class=\"e-font-icon-svg e-fas-plus\" viewBox=\"0 0 448 512\" xmlns=\"http:\/\/www.w3.org\/2000\/svg\"><path d=\"M416 208H272V64c0-17.67-14.33-32-32-32h-32c-17.67 0-32 14.33-32 32v144H32c-17.67 0-32 14.33-32 32v32c0 17.67 14.33 32 32 32h144v144c0 17.67 14.33 32 32 32h32c17.67 0 32-14.33 32-32V304h144c17.67 0 32-14.33 32-32v-32c0-17.67-14.33-32-32-32z\"><\/path><\/svg><\/span>\n\t\t<\/span>\n\n\t\t\t\t\t\t<\/summary>\n\t\t\t\t<div role=\"region\" aria-labelledby=\"e-n-accordion-item-6082\" class=\"elementor-element elementor-element-ed1786f e-con-full e-flex e-con e-child\" data-id=\"ed1786f\" data-element_type=\"container\" data-e-type=\"container\">\n\t\t\t\t<div class=\"elementor-element elementor-element-07c172f elementor-widget__width-initial elementor-widget elementor-widget-image\" data-id=\"07c172f\" data-element_type=\"widget\" data-e-type=\"widget\" data-widget_type=\"image.default\">\n\t\t\t\t<div class=\"elementor-widget-container\">\n\t\t\t\t\t\t\t\t\t\t\t\t\t\t\t<img decoding=\"async\" width=\"150\" height=\"150\" src=\"https:\/\/iapjalisco.org.mx\/wp-content\/uploads\/2025\/07\/dr_floresperez-150x150.jpg\" class=\"attachment-thumbnail size-thumbnail wp-image-458\" alt=\"\" srcset=\"https:\/\/iapjalisco.org.mx\/wp-content\/uploads\/2025\/07\/dr_floresperez-150x150.jpg 150w, https:\/\/iapjalisco.org.mx\/wp-content\/uploads\/2025\/07\/dr_floresperez.jpg 258w\" sizes=\"(max-width: 150px) 100vw, 150px\" \/>\t\t\t\t\t\t\t\t\t\t\t\t\t\t\t<\/div>\n\t\t\t\t<\/div>\n\t\t\t\t<div class=\"elementor-element elementor-element-65212d7 elementor-widget__width-initial elementor-widget elementor-widget-text-editor\" data-id=\"65212d7\" data-element_type=\"widget\" data-e-type=\"widget\" data-widget_type=\"text-editor.default\">\n\t\t\t\t<div class=\"elementor-widget-container\">\n\t\t\t\t\t\t\t\t\t<h3><span style=\"color: #5b1a1f;\">Catedr&aacute;tico Maestr&iacute;a y Doctorado<\/span><\/h3>\n<h3><span style=\"color: #5b1a1f;\">Descripci&oacute;n profesional<\/span><\/h3>\n<ul>\n<li aria-level=\"2\"><strong>Doctor en Ciencias Pol&iacute;ticas y Sociales<\/strong><span style=\"font-weight: 300;\"> por el Centro de Investigaci&oacute;n, Docencia y Humanidades (C.I.D.H.E.M.) del Estado de Morelos.<\/span><\/li>\n<li aria-level=\"2\"><strong>Maestro en Derecho con especialidad en Procuraci&oacute;n de Justicia y Seguridad P&uacute;blica, <\/strong><span style=\"font-weight: 300;\">&nbsp;por la Universidad de Guadalajara.<\/span><\/li>\n<li aria-level=\"2\"><span style=\"font-weight: 400;\">Abogado <\/span><span style=\"font-weight: 300;\">egresado de la Universidad de Guadalajara de la Facultad de Derecho,&nbsp; Generaci&oacute;n de Abogados 1986-1991 &ldquo;Dr. Sergio Garc&iacute;a Ram&iacute;rez<\/span><span style=\"font-weight: 400;\">&rdquo;<\/span><strong>.<\/strong><\/li>\n<li aria-level=\"2\"><strong>Diplomado en Instrumentos de Seguridad P&uacute;blica y Procuraci&oacute;n de Justicia, <\/strong><span style=\"font-weight: 300;\">por la Universidad del Valle de Atemajac.<\/span><\/li>\n<li aria-level=\"2\"><strong>Diplomado en Derecho Contractual. <\/strong><span style=\"font-weight: 300;\">Organizado por El Colegio de Abogados &ldquo;Foro de Jalisco&rdquo; y la Asociaci&oacute;n de Jueces del Estado de Jalisco, realizado en la ciudad de Guadalajara, Jalisco.<\/span><\/li>\n<li aria-level=\"2\"><strong>Diplomado en Derecho Procesal Constitucional, <\/strong><span style=\"font-weight: 400;\">&nbsp;<\/span><span style=\"font-weight: 300;\">organizado la Universidad de Guadalajara y el Supremo Tribunal de Justicia del Estado de Jalisco.<\/span><\/li>\n<\/ul>\n<h3><span style=\"color: #5b1a1f;\">Actualmente se desempe&ntilde;a como<\/span><\/h3>\n<ul>\n<li style=\"font-weight: 400;\" aria-level=\"2\"><strong>Catedr&aacute;tico Titular&nbsp; <\/strong><span style=\"font-weight: 400;\">&nbsp;en el Instituto de Administraci&oacute;n P&uacute;blica del Estado de Jalisco y sus Municipios, A.C. De las materias de Derecho Constitucional Mexicano, An&aacute;lisis, Dise&ntilde;o y Evaluaci&oacute;n de la Pol&iacute;tica P&uacute;blica, Derecho Fiscal Mexicano y Comparado.&nbsp;<\/span><\/li>\n<li style=\"font-weight: 400;\" aria-level=\"2\"><strong>Catedr&aacute;tico Titular <\/strong><span style=\"font-weight: 400;\">&nbsp;en la Universidad de Guadalajara, en la Divisi&oacute;n de Estudios Jur&iacute;dicos de las materias de Derecho Constitucional&nbsp; y&nbsp; Econom&iacute;a y Derecho.&nbsp;<\/span><\/li>\n<li style=\"font-weight: 400;\" aria-level=\"2\"><strong>Se Desempe&ntilde;&oacute; como Director General <\/strong><span style=\"font-weight: 400;\">de la Direcci&oacute;n de Seguridad Privada del Consejo Estatal de Seguridad P&uacute;blica del Gobierno del Estado de Jalisco en el periodo 2013-2018.<\/span><\/li>\n<li style=\"font-weight: 400;\" aria-level=\"2\"><span style=\"font-weight: 400;\"><strong>Actualmente, se desempe&ntilde;a como Visitador Adjunto <\/strong>en la Comisi&oacute;n Estatal de Derechos Humanos Jalisco. <\/span><\/li>\n<\/ul>\n<p>&nbsp;<\/p>\n\t\t\t\t\t\t\t\t<\/div>\n\t\t\t\t<\/div>\n\t\t\t\t<\/div>\n\t\t\t\t\t<\/details>\n\t\t\t\t\t\t<details id=\"e-n-accordion-item-6083\" class=\"e-n-accordion-item\" >\n\t\t\t\t<summary class=\"e-n-accordion-item-title\" data-accordion-index=\"4\" tabindex=\"-1\" aria-expanded=\"false\" aria-controls=\"e-n-accordion-item-6083\" >\n\t\t\t\t\t<span class='e-n-accordion-item-title-header'><div class=\"e-n-accordion-item-title-text\"> Dr. Gabriel Cerda Vidal <\/div><\/span>\n\t\t\t\t\t\t\t<span class='e-n-accordion-item-title-icon'>\n\t\t\t<span class='e-opened' ><svg aria-hidden=\"true\" class=\"e-font-icon-svg e-fas-minus\" viewBox=\"0 0 448 512\" xmlns=\"http:\/\/www.w3.org\/2000\/svg\"><path d=\"M416 208H32c-17.67 0-32 14.33-32 32v32c0 17.67 14.33 32 32 32h384c17.67 0 32-14.33 32-32v-32c0-17.67-14.33-32-32-32z\"><\/path><\/svg><\/span>\n\t\t\t<span class='e-closed'><svg aria-hidden=\"true\" class=\"e-font-icon-svg e-fas-plus\" viewBox=\"0 0 448 512\" xmlns=\"http:\/\/www.w3.org\/2000\/svg\"><path d=\"M416 208H272V64c0-17.67-14.33-32-32-32h-32c-17.67 0-32 14.33-32 32v144H32c-17.67 0-32 14.33-32 32v32c0 17.67 14.33 32 32 32h144v144c0 17.67 14.33 32 32 32h32c17.67 0 32-14.33 32-32V304h144c17.67 0 32-14.33 32-32v-32c0-17.67-14.33-32-32-32z\"><\/path><\/svg><\/span>\n\t\t<\/span>\n\n\t\t\t\t\t\t<\/summary>\n\t\t\t\t<div role=\"region\" aria-labelledby=\"e-n-accordion-item-6083\" class=\"elementor-element elementor-element-a6aaf49 e-con-full e-flex e-con e-child\" data-id=\"a6aaf49\" data-element_type=\"container\" data-e-type=\"container\">\n\t\t\t\t<div class=\"elementor-element elementor-element-c20b79b elementor-widget elementor-widget-image\" data-id=\"c20b79b\" data-element_type=\"widget\" data-e-type=\"widget\" data-widget_type=\"image.default\">\n\t\t\t\t<div class=\"elementor-widget-container\">\n\t\t\t\t\t\t\t\t\t\t\t\t\t\t\t<img loading=\"lazy\" decoding=\"async\" width=\"150\" height=\"150\" src=\"https:\/\/iapjalisco.org.mx\/wp-content\/uploads\/2025\/07\/dr_cerdavidal-150x150.jpg\" class=\"attachment-thumbnail size-thumbnail wp-image-457\" alt=\"\" \/>\t\t\t\t\t\t\t\t\t\t\t\t\t\t\t<\/div>\n\t\t\t\t<\/div>\n\t\t\t\t<div class=\"elementor-element elementor-element-0eb8540 elementor-widget__width-initial elementor-widget elementor-widget-text-editor\" data-id=\"0eb8540\" data-element_type=\"widget\" data-e-type=\"widget\" data-widget_type=\"text-editor.default\">\n\t\t\t\t<div class=\"elementor-widget-container\">\n\t\t\t\t\t\t\t\t\t<h3><span style=\"color: #5b1a1f;\">Catedr&aacute;tico<\/span><\/h3>\n<h3><span style=\"color: #5b1a1f;\">Descripci&oacute;n profesional<\/span><\/h3>\n<ul>\n<li aria-level=\"1\"><strong>Licenciado en Derecho por la Universidad de Guadalajara.<\/strong><\/li>\n<li aria-level=\"1\"><strong>Maestro en Ciencias Sociales por la Universidad de Guadalajara.<\/strong><\/li>\n<li aria-level=\"1\"><strong>Diplomado en Derecho Administrativo por la Universidad de San Pablo CEU, <\/strong> <strong>Madrid.<\/strong><\/li>\n<li aria-level=\"1\"><strong>Doctor en Estudios Literarios y Ling&uuml;&iacute;sticos por la Universidad de Guadalajara.<\/strong><\/li>\n<li aria-level=\"1\"><strong>Doctor en Cuestiones Actuales de la Ciencia Jur&iacute;dica, por la Universidad de San Pablo CEU, Madrid.<\/strong><\/li>\n<li aria-level=\"1\"><strong>Doctor por en Derecho por el Instituto de Altos Estudios Jur&iacute;dicos.<\/strong><\/li>\n<li aria-level=\"1\"><strong>Doctor en Investigaci&oacute;n e Innovaci&oacute;n Educativa por la Universidad CEPC de <\/strong> <strong>Colima, capital.<\/strong><\/li>\n<\/ul>\n<h3><span style=\"color: #5b1a1f;\">Actualmente se desempe&ntilde;a como<\/span><\/h3>\n<ul>\n<li aria-level=\"1\"><strong>Propietario de despacho de asesor&iacute;a jur&iacute;dica, corporativa y acad&eacute;mica <\/strong><span style=\"font-weight: 400;\">Ubicado en <\/span> <span style=\"font-weight: 400;\">la Avenida de La Paz 1951 interior 41, entre Progreso y Chapultepec, en la Colonia <\/span> <span style=\"font-weight: 400;\">Americana, C. P. 44160.<\/span><\/li>\n<li aria-level=\"1\"><strong>Catedr&aacute;tico en el Instituto de Altos Estudios Jur&iacute;dicos<\/strong><span style=\"font-weight: 400;\">; con diversas materias en <\/span> <span style=\"font-weight: 400;\">Maestr&iacute;as y doctorados.<\/span><\/li>\n<li aria-level=\"1\"><strong>Catedr&aacute;tico de la Universidad CEPC en Colima capital <\/strong><span style=\"font-weight: 400;\">con diversas c&aacute;tedras en <\/span> <span style=\"font-weight: 400;\">doctorados<\/span><strong>.<\/strong><\/li>\n<li aria-level=\"1\"><strong>Autor de varias <\/strong><span style=\"font-weight: 400;\">novelas, cuentos, art&iacute;culos, documentos cient&iacute;ficos y poemas en <\/span> <span style=\"font-weight: 400;\">diversos medios de comunicaci&oacute;n impresos y digitales<\/span><\/li>\n<li aria-level=\"1\"><strong>Asesor <\/strong><span style=\"font-weight: 400;\">de diversas empresas<\/span><\/li>\n<li aria-level=\"1\"><strong>Docente de maestr&iacute;a, y doctorado <\/strong><span style=\"font-weight: 400;\">en el Instituto de Administraci&oacute;n P&uacute;blica del <\/span> <span style=\"font-weight: 400;\">Estado de Jalisco (IAPEJ).<\/span><\/li>\n<\/ul>\n<p>&nbsp;<\/p>\n\t\t\t\t\t\t\t\t<\/div>\n\t\t\t\t<\/div>\n\t\t\t\t<\/div>\n\t\t\t\t\t<\/details>\n\t\t\t\t\t\t<details id=\"e-n-accordion-item-6084\" class=\"e-n-accordion-item\" >\n\t\t\t\t<summary class=\"e-n-accordion-item-title\" data-accordion-index=\"5\" tabindex=\"-1\" aria-expanded=\"false\" aria-controls=\"e-n-accordion-item-6084\" >\n\t\t\t\t\t<span class='e-n-accordion-item-title-header'><div class=\"e-n-accordion-item-title-text\"> Dr Otoniel Varas de Valdez Gonz\u00e1lez <\/div><\/span>\n\t\t\t\t\t\t\t<span class='e-n-accordion-item-title-icon'>\n\t\t\t<span class='e-opened' ><svg aria-hidden=\"true\" class=\"e-font-icon-svg e-fas-minus\" viewBox=\"0 0 448 512\" xmlns=\"http:\/\/www.w3.org\/2000\/svg\"><path d=\"M416 208H32c-17.67 0-32 14.33-32 32v32c0 17.67 14.33 32 32 32h384c17.67 0 32-14.33 32-32v-32c0-17.67-14.33-32-32-32z\"><\/path><\/svg><\/span>\n\t\t\t<span class='e-closed'><svg aria-hidden=\"true\" class=\"e-font-icon-svg e-fas-plus\" viewBox=\"0 0 448 512\" xmlns=\"http:\/\/www.w3.org\/2000\/svg\"><path d=\"M416 208H272V64c0-17.67-14.33-32-32-32h-32c-17.67 0-32 14.33-32 32v144H32c-17.67 0-32 14.33-32 32v32c0 17.67 14.33 32 32 32h144v144c0 17.67 14.33 32 32 32h32c17.67 0 32-14.33 32-32V304h144c17.67 0 32-14.33 32-32v-32c0-17.67-14.33-32-32-32z\"><\/path><\/svg><\/span>\n\t\t<\/span>\n\n\t\t\t\t\t\t<\/summary>\n\t\t\t\t<div role=\"region\" aria-labelledby=\"e-n-accordion-item-6084\" class=\"elementor-element elementor-element-36d47f5 e-con-full e-flex e-con e-child\" data-id=\"36d47f5\" data-element_type=\"container\" data-e-type=\"container\">\n\t\t\t\t<div class=\"elementor-element elementor-element-e326b31 elementor-widget elementor-widget-image\" data-id=\"e326b31\" data-element_type=\"widget\" data-e-type=\"widget\" data-widget_type=\"image.default\">\n\t\t\t\t<div class=\"elementor-widget-container\">\n\t\t\t\t\t\t\t\t\t\t\t\t\t\t\t<img loading=\"lazy\" decoding=\"async\" width=\"150\" height=\"150\" src=\"https:\/\/iapjalisco.org.mx\/wp-content\/uploads\/2025\/07\/dr_valdezgonzalez-150x150.jpg\" class=\"attachment-thumbnail size-thumbnail wp-image-464\" alt=\"\" srcset=\"https:\/\/iapjalisco.org.mx\/wp-content\/uploads\/2025\/07\/dr_valdezgonzalez-150x150.jpg 150w, https:\/\/iapjalisco.org.mx\/wp-content\/uploads\/2025\/07\/dr_valdezgonzalez.jpg 287w\" sizes=\"(max-width: 150px) 100vw, 150px\" \/>\t\t\t\t\t\t\t\t\t\t\t\t\t\t\t<\/div>\n\t\t\t\t<\/div>\n\t\t\t\t<div class=\"elementor-element elementor-element-cc56b78 elementor-widget__width-initial elementor-widget elementor-widget-text-editor\" data-id=\"cc56b78\" data-element_type=\"widget\" data-e-type=\"widget\" data-widget_type=\"text-editor.default\">\n\t\t\t\t<div class=\"elementor-widget-container\">\n\t\t\t\t\t\t\t\t\t<h3><span style=\"color: #5b1a1f;\">Docente<\/span><\/h3>\n<h3><span style=\"color: #5b1a1f;\">Descripci&oacute;n profesional<\/span><\/h3>\n<ul>\n<li><strong>Doctorado en Ciencia Pol&iacute;tica <\/strong><span style=\"font-weight: 300;\">por la Universidad de Guadalajara (Cuci&eacute;nega)<\/span><\/li>\n<li><strong>Maestro en Pol&iacute;ticas P&uacute;blicas<\/strong><span style=\"font-weight: 300;\"> por la Universidad de Guadalajara (CUCEA) y Colegio de Jalisco (COLJAL) maestr&iacute;a interinstitucional.<\/span><\/li>\n<li><strong>Abogado. <\/strong><span style=\"font-weight: 300;\">Por la Universidad de Guadalajara (CUSH)<\/span><\/li>\n<li aria-level=\"2\"><span style=\"font-weight: 400;\">Docente<\/span><span style=\"font-weight: 300;\"> en la <\/span><span style=\"font-weight: 400;\">Maestr&iacute;a <\/span><span style=\"font-weight: 300;\">en Finanzas P&uacute;blicas y Auditor&iacute;a Gubernamental del iapej en la materia: Estudio de Caso de Control Interno.<\/span><\/li>\n<li aria-level=\"2\"><span style=\"font-weight: 400;\">Docente <\/span><span style=\"font-weight: 300;\">en la <\/span><span style=\"font-weight: 400;\">licenciatura de derecho <\/span><span style=\"font-weight: 300;\">en la Universidad del Valle de M&eacute;xico de las materias: <\/span><span style=\"font-weight: 400;\">Teor&iacute;a del Estado, Derecho administrativo, derecho electoral, M&eacute;todos Alternos de Soluci&oacute;n de Conflictos. <\/span><span style=\"font-weight: 300;\">Adem&aacute;s de impartir materia de legislaci&oacute;n para el dise&ntilde;o a las carreras de arquitectura, dise&ntilde;o industrial, dise&ntilde;o gr&aacute;fico.<\/span><\/li>\n<\/ul>\n<h3><span style=\"color: #5b1a1f;\">Desempe&ntilde;o profesional en la administraci&oacute;n p&uacute;blica<\/span><\/h3>\n<ul>\n<li style=\"font-weight: 400;\" aria-level=\"2\"><span style=\"font-weight: 400;\">Contralor Municipal de San Pedro Tlaquepaque.<\/span><\/li>\n<li style=\"font-weight: 400;\" aria-level=\"2\"><span style=\"font-weight: 400;\">S&iacute;ndico Concejal del Gobierno de San Pedro Tlaquepaque.<\/span><\/li>\n<li style=\"font-weight: 400;\" aria-level=\"2\"><span style=\"font-weight: 400;\">Director General de Consejer&iacute;a Jur&iacute;dica de la Presidencia de San Pedro Tlaquepaque.<\/span><\/li>\n<li style=\"font-weight: 400;\" aria-level=\"2\"><span style=\"font-weight: 400;\">Director de la Unidad de Transparencia del Gobierno de San Pedro Tlaquepaque.<\/span><\/li>\n<li style=\"font-weight: 400;\" aria-level=\"2\"><span style=\"font-weight: 400;\">Director de la Unidad de Transparencia del Gobierno de San Pedro Tlaquepaque.<\/span><\/li>\n<li style=\"font-weight: 400;\" aria-level=\"2\"><span style=\"font-weight: 400;\">Secretario Relator de Ponencia en el Instituto de Transparencia, Informaci&oacute;n P&uacute;blica y Protecci&oacute;n de Datos Personales del Estado de Jalisco.<\/span><\/li>\n<li style=\"font-weight: 400;\" aria-level=\"2\"><span style=\"font-weight: 400;\">Secretario de Acuerdos del Instituto de Transparencia, Informaci&oacute;n P&uacute;blica y Protecci&oacute;n de Datos Personales del Estado de Jalisco.<\/span><\/li>\n<li style=\"font-weight: 400;\" aria-level=\"2\"><span style=\"font-weight: 400;\">T&eacute;cnico en Ponencia del Instituto de Transparencia, Informaci&oacute;n P&uacute;blica y Protecci&oacute;n de Datos Personales de Jalisco.<\/span><\/li>\n<li style=\"font-weight: 400;\" aria-level=\"2\"><span style=\"font-weight: 400;\">Consejero Distrital Electoral en el Distrito 7 federal del Instituto Nacional Electoral (INE)<\/span><\/li>\n<li style=\"font-weight: 400;\" aria-level=\"2\"><span style=\"font-weight: 400;\">Consejero Distrital Electoral en el Distrito 7 federal del Instituto Nacional Electoral (IFE)<\/span><\/li>\n<li style=\"font-weight: 400;\" aria-level=\"2\"><span style=\"font-weight: 400;\">Director Jur&iacute;dico del Gobierno Municipal de Ixtlahuac&aacute;n de los Membrillos, Jalisco.&nbsp;<\/span><\/li>\n<\/ul>\n\t\t\t\t\t\t\t\t<\/div>\n\t\t\t\t<\/div>\n\t\t\t\t<\/div>\n\t\t\t\t\t<\/details>\n\t\t\t\t\t\t<details id=\"e-n-accordion-item-6085\" class=\"e-n-accordion-item\" >\n\t\t\t\t<summary class=\"e-n-accordion-item-title\" data-accordion-index=\"6\" tabindex=\"-1\" aria-expanded=\"false\" aria-controls=\"e-n-accordion-item-6085\" >\n\t\t\t\t\t<span class='e-n-accordion-item-title-header'><div class=\"e-n-accordion-item-title-text\"> Mtra Daniela Michel Quintero Pinedo <\/div><\/span>\n\t\t\t\t\t\t\t<span class='e-n-accordion-item-title-icon'>\n\t\t\t<span class='e-opened' ><svg aria-hidden=\"true\" class=\"e-font-icon-svg e-fas-minus\" viewBox=\"0 0 448 512\" xmlns=\"http:\/\/www.w3.org\/2000\/svg\"><path d=\"M416 208H32c-17.67 0-32 14.33-32 32v32c0 17.67 14.33 32 32 32h384c17.67 0 32-14.33 32-32v-32c0-17.67-14.33-32-32-32z\"><\/path><\/svg><\/span>\n\t\t\t<span class='e-closed'><svg aria-hidden=\"true\" class=\"e-font-icon-svg e-fas-plus\" viewBox=\"0 0 448 512\" xmlns=\"http:\/\/www.w3.org\/2000\/svg\"><path d=\"M416 208H272V64c0-17.67-14.33-32-32-32h-32c-17.67 0-32 14.33-32 32v144H32c-17.67 0-32 14.33-32 32v32c0 17.67 14.33 32 32 32h144v144c0 17.67 14.33 32 32 32h32c17.67 0 32-14.33 32-32V304h144c17.67 0 32-14.33 32-32v-32c0-17.67-14.33-32-32-32z\"><\/path><\/svg><\/span>\n\t\t<\/span>\n\n\t\t\t\t\t\t<\/summary>\n\t\t\t\t<div role=\"region\" aria-labelledby=\"e-n-accordion-item-6085\" class=\"elementor-element elementor-element-9fddf82 e-flex e-con-boxed e-con e-child\" data-id=\"9fddf82\" data-element_type=\"container\" data-e-type=\"container\">\n\t\t\t\t\t<div class=\"e-con-inner\">\n\t\t\t\t<div class=\"elementor-element elementor-element-c3b23c7 elementor-widget elementor-widget-image\" data-id=\"c3b23c7\" data-element_type=\"widget\" data-e-type=\"widget\" data-widget_type=\"image.default\">\n\t\t\t\t<div class=\"elementor-widget-container\">\n\t\t\t\t\t\t\t\t\t\t\t\t\t\t\t<img loading=\"lazy\" decoding=\"async\" width=\"150\" height=\"150\" src=\"https:\/\/iapjalisco.org.mx\/wp-content\/uploads\/2025\/07\/mt_quinteropinedo-150x150.jpg\" class=\"attachment-thumbnail size-thumbnail wp-image-485\" alt=\"\" srcset=\"https:\/\/iapjalisco.org.mx\/wp-content\/uploads\/2025\/07\/mt_quinteropinedo-150x150.jpg 150w, https:\/\/iapjalisco.org.mx\/wp-content\/uploads\/2025\/07\/mt_quinteropinedo.jpg 282w\" sizes=\"(max-width: 150px) 100vw, 150px\" \/>\t\t\t\t\t\t\t\t\t\t\t\t\t\t\t<\/div>\n\t\t\t\t<\/div>\n\t\t\t\t<div class=\"elementor-element elementor-element-74ffb25 elementor-widget__width-initial elementor-widget elementor-widget-text-editor\" data-id=\"74ffb25\" data-element_type=\"widget\" data-e-type=\"widget\" data-widget_type=\"text-editor.default\">\n\t\t\t\t<div class=\"elementor-widget-container\">\n\t\t\t\t\t\t\t\t\t<h3><span style=\"color: #5b1a1f;\">Docente<\/span><\/h3>\n<h3><span style=\"color: #5b1a1f;\">Descripci&oacute;n profesional<\/span><\/h3>\n<ul>\n<li><span style=\"font-weight: 400;\">Maestra en Administraci&oacute;n P&uacute;blica <\/span><span style=\"font-weight: 300;\">por el Instituto de Administraci&oacute;n P&uacute;blica del Estado de Jalisco y sus Municipios.<\/span><\/li>\n<li><span style=\"font-weight: 400;\">Licenciada en Administraci&oacute;n Gubernamental y Pol&iacute;ticas P&uacute;blicas Locales <\/span><span style=\"font-weight: 300;\">por la Universidad de Guadalajara.<\/span><\/li>\n<li><span style=\"font-weight: 400;\">Especialista en Fiscalizaci&oacute;n de Impuestos en M&eacute;xico <\/span><span style=\"font-weight: 300;\">por INDETEC.<\/span><\/li>\n<li><span style=\"font-weight: 400;\">Diplomado en Evaluaci&oacute;n Socioecon&oacute;mico de Proyectos de Inversi&oacute;n <\/span><span style=\"font-weight: 300;\">por el Centro de Estudios para la Preparaci&oacute;n y Evaluaci&oacute;n Socioecon&oacute;mica de Proyectos (CEPEP).<\/span><\/li>\n<li><span style=\"font-weight: 400;\">Diplomado en Hacienda P&uacute;blica Municipal <\/span><span style=\"font-weight: 300;\">por INDETEC.<\/span><\/li>\n<li><span style=\"font-weight: 400;\">Tutor certificado para cursos en l&iacute;nea <\/span><span style=\"font-weight: 300;\">por el Instituto Interamericano para el Desarrollo Econ&oacute;mico y Social (INDES) del Banco Interamericano de Desarrollo (BID).<\/span><\/li>\n<li><span style=\"font-weight: 400;\">Est&aacute;ndar de competencia <\/span><span style=\"font-weight: 300;\">para la Atenci&oacute;n a presuntas v&iacute;ctimas de hostigamiento sexual y acoso sexual en la APF por Instituto de la Mujer (INMUJERES).<\/span><\/li>\n<\/ul>\n<h3><span style=\"color: #5b1a1f;\">Actualmente se desmpe&ntilde;a como<\/span><\/h3>\n<ul>\n<li><strong>Jefa de Deuda P&uacute;blica <\/strong><span style=\"font-weight: 400;\">del Municipio de Guadalajara, Jalisco.&nbsp;<\/span><\/li>\n<li><strong>Miembro de la <\/strong><strong>Unidad de g&eacute;nero <\/strong><span style=\"font-weight: 400;\">del Municipio de Guadalajara.<\/span><\/li>\n<li><strong>Autora de varios art&iacute;culos<\/strong><span style=\"font-weight: 400;\"> en la revista de &ldquo;Federalismo Hacendario&rdquo;, &ldquo;Hacienda Municipal&rdquo;, &ldquo;Bolet&iacute;n Financiero&rdquo; y trabajos de investigaci&oacute;n de INDETEC.<\/span><\/li>\n<li><strong>Asesora t&eacute;cnica de la &ldquo;Especialidad en Fiscalizaci&oacute;n de Impuestos en M&eacute;xico&rdquo; <\/strong><span style=\"font-weight: 400;\">de INDETEC.<\/span><\/li>\n<li><strong>Docente de maestr&iacute;a<\/strong><span style=\"font-weight: 400;\"> en el Instituto de Administraci&oacute;n P&uacute;blica del Estado de Jalisco (IAPEJ).&nbsp;<\/span><\/li>\n<\/ul>\n\t\t\t\t\t\t\t\t<\/div>\n\t\t\t\t<\/div>\n\t\t\t\t\t<\/div>\n\t\t\t\t<\/div>\n\t\t\t\t\t<\/details>\n\t\t\t\t\t\t<details id=\"e-n-accordion-item-6086\" class=\"e-n-accordion-item\" >\n\t\t\t\t<summary class=\"e-n-accordion-item-title\" data-accordion-index=\"7\" tabindex=\"-1\" aria-expanded=\"false\" aria-controls=\"e-n-accordion-item-6086\" >\n\t\t\t\t\t<span class='e-n-accordion-item-title-header'><div class=\"e-n-accordion-item-title-text\"> Mtra. Janet Faviola Tostado Noriega <\/div><\/span>\n\t\t\t\t\t\t\t<span class='e-n-accordion-item-title-icon'>\n\t\t\t<span class='e-opened' ><svg aria-hidden=\"true\" class=\"e-font-icon-svg e-fas-minus\" viewBox=\"0 0 448 512\" xmlns=\"http:\/\/www.w3.org\/2000\/svg\"><path d=\"M416 208H32c-17.67 0-32 14.33-32 32v32c0 17.67 14.33 32 32 32h384c17.67 0 32-14.33 32-32v-32c0-17.67-14.33-32-32-32z\"><\/path><\/svg><\/span>\n\t\t\t<span class='e-closed'><svg aria-hidden=\"true\" class=\"e-font-icon-svg e-fas-plus\" viewBox=\"0 0 448 512\" xmlns=\"http:\/\/www.w3.org\/2000\/svg\"><path d=\"M416 208H272V64c0-17.67-14.33-32-32-32h-32c-17.67 0-32 14.33-32 32v144H32c-17.67 0-32 14.33-32 32v32c0 17.67 14.33 32 32 32h144v144c0 17.67 14.33 32 32 32h32c17.67 0 32-14.33 32-32V304h144c17.67 0 32-14.33 32-32v-32c0-17.67-14.33-32-32-32z\"><\/path><\/svg><\/span>\n\t\t<\/span>\n\n\t\t\t\t\t\t<\/summary>\n\t\t\t\t<div role=\"region\" aria-labelledby=\"e-n-accordion-item-6086\" class=\"elementor-element elementor-element-4130199 e-flex e-con-boxed e-con e-child\" data-id=\"4130199\" data-element_type=\"container\" data-e-type=\"container\">\n\t\t\t\t\t<div class=\"e-con-inner\">\n\t\t\t\t<div class=\"elementor-element elementor-element-49c4004 elementor-widget elementor-widget-image\" data-id=\"49c4004\" data-element_type=\"widget\" data-e-type=\"widget\" data-widget_type=\"image.default\">\n\t\t\t\t<div class=\"elementor-widget-container\">\n\t\t\t\t\t\t\t\t\t\t\t\t\t\t\t<img loading=\"lazy\" decoding=\"async\" width=\"147\" height=\"147\" src=\"https:\/\/iapjalisco.org.mx\/wp-content\/uploads\/2025\/07\/mt_tostadonoriega.jpg\" class=\"attachment-thumbnail size-thumbnail wp-image-487\" alt=\"\" \/>\t\t\t\t\t\t\t\t\t\t\t\t\t\t\t<\/div>\n\t\t\t\t<\/div>\n\t\t\t\t<div class=\"elementor-element elementor-element-573c1d6 elementor-widget__width-initial elementor-widget elementor-widget-text-editor\" data-id=\"573c1d6\" data-element_type=\"widget\" data-e-type=\"widget\" data-widget_type=\"text-editor.default\">\n\t\t\t\t<div class=\"elementor-widget-container\">\n\t\t\t\t\t\t\t\t\t<h3><span style=\"color: #5b1a1f;\">Docente<\/span><\/h3>\n<h3><span style=\"color: #5b1a1f;\">Descripci&oacute;n profesional<\/span><\/h3>\n<ul>\n<li style=\"font-weight: 400;\" aria-level=\"2\"><span style=\"font-weight: 400;\">Maestr&iacute;a en Derecho Fiscal &#8211; Escuela Libre de Derecho de Sinaloa (Titulada con Menci&oacute;n Honor&iacute;fica) Culiac&aacute;n, Sinaloa.<\/span><\/li>\n<li style=\"font-weight: 400;\" aria-level=\"2\"><span style=\"font-weight: 400;\">Licenciatura en Contadur&iacute;a P&uacute;blica &#8211; Universidad Aut&oacute;noma de Sinaloa Culiac&aacute;n, Sinaloa.<\/span><\/li>\n<li style=\"font-weight: 400;\" aria-level=\"2\"><span style=\"font-weight: 400;\">Licenciatura en Econom&iacute;a &#8211; Universidad Aut&oacute;noma de Sinaloa Culiac&aacute;n, Sinaloa.<\/span><\/li>\n<\/ul>\n<h3><span style=\"color: #5b1a1f;\">Actualmente se desmpe&ntilde;a como<\/span><\/h3>\n<ul>\n<li><span style=\"font-weight: 400;\">Secretaria de Desarrollo Econ&oacute;mico en el municipio de Culiac&aacute;n.<\/span><\/li>\n<li><span style=\"font-weight: 400;\">Docente de maestr&iacute;a en el Instituto de Administraci&oacute;n P&uacute;blica del Estado de Jalisco (IAPEJ).&nbsp;<\/span><\/li>\n<li><span style=\"font-weight: 400;\">Speaker en temas de emprendimiento.<\/span><\/li>\n<\/ul>\n\t\t\t\t\t\t\t\t<\/div>\n\t\t\t\t<\/div>\n\t\t\t\t\t<\/div>\n\t\t\t\t<\/div>\n\t\t\t\t\t<\/details>\n\t\t\t\t\t\t<details id=\"e-n-accordion-item-6087\" class=\"e-n-accordion-item\" >\n\t\t\t\t<summary class=\"e-n-accordion-item-title\" data-accordion-index=\"8\" tabindex=\"-1\" aria-expanded=\"false\" aria-controls=\"e-n-accordion-item-6087\" >\n\t\t\t\t\t<span class='e-n-accordion-item-title-header'><div class=\"e-n-accordion-item-title-text\"> Mtro. Alfonso G\u00f3mez God\u00ednez <\/div><\/span>\n\t\t\t\t\t\t\t<span class='e-n-accordion-item-title-icon'>\n\t\t\t<span class='e-opened' ><svg aria-hidden=\"true\" class=\"e-font-icon-svg e-fas-minus\" viewBox=\"0 0 448 512\" xmlns=\"http:\/\/www.w3.org\/2000\/svg\"><path d=\"M416 208H32c-17.67 0-32 14.33-32 32v32c0 17.67 14.33 32 32 32h384c17.67 0 32-14.33 32-32v-32c0-17.67-14.33-32-32-32z\"><\/path><\/svg><\/span>\n\t\t\t<span class='e-closed'><svg aria-hidden=\"true\" class=\"e-font-icon-svg e-fas-plus\" viewBox=\"0 0 448 512\" xmlns=\"http:\/\/www.w3.org\/2000\/svg\"><path d=\"M416 208H272V64c0-17.67-14.33-32-32-32h-32c-17.67 0-32 14.33-32 32v144H32c-17.67 0-32 14.33-32 32v32c0 17.67 14.33 32 32 32h144v144c0 17.67 14.33 32 32 32h32c17.67 0 32-14.33 32-32V304h144c17.67 0 32-14.33 32-32v-32c0-17.67-14.33-32-32-32z\"><\/path><\/svg><\/span>\n\t\t<\/span>\n\n\t\t\t\t\t\t<\/summary>\n\t\t\t\t<div role=\"region\" aria-labelledby=\"e-n-accordion-item-6087\" class=\"elementor-element elementor-element-2dc3c24 e-flex e-con-boxed e-con e-child\" data-id=\"2dc3c24\" data-element_type=\"container\" data-e-type=\"container\">\n\t\t\t\t\t<div class=\"e-con-inner\">\n\t\t\t\t<div class=\"elementor-element elementor-element-3d9b691 elementor-widget elementor-widget-image\" data-id=\"3d9b691\" data-element_type=\"widget\" data-e-type=\"widget\" data-widget_type=\"image.default\">\n\t\t\t\t<div class=\"elementor-widget-container\">\n\t\t\t\t\t\t\t\t\t\t\t\t\t\t\t<img loading=\"lazy\" decoding=\"async\" width=\"150\" height=\"150\" src=\"https:\/\/iapjalisco.org.mx\/wp-content\/uploads\/2025\/07\/mt_gomezgodinez-150x150.jpg\" class=\"attachment-thumbnail size-thumbnail wp-image-472\" alt=\"\" srcset=\"https:\/\/iapjalisco.org.mx\/wp-content\/uploads\/2025\/07\/mt_gomezgodinez-150x150.jpg 150w, https:\/\/iapjalisco.org.mx\/wp-content\/uploads\/2025\/07\/mt_gomezgodinez.jpg 286w\" sizes=\"(max-width: 150px) 100vw, 150px\" \/>\t\t\t\t\t\t\t\t\t\t\t\t\t\t\t<\/div>\n\t\t\t\t<\/div>\n\t\t\t\t<div class=\"elementor-element elementor-element-002197a elementor-widget__width-initial elementor-widget elementor-widget-text-editor\" data-id=\"002197a\" data-element_type=\"widget\" data-e-type=\"widget\" data-widget_type=\"text-editor.default\">\n\t\t\t\t<div class=\"elementor-widget-container\">\n\t\t\t\t\t\t\t\t\t<h3><span style=\"color: #5b1a1f;\">Docente<\/span><\/h3>\n<h3><span style=\"color: #5b1a1f;\">Descripci&oacute;n profesional<\/span><\/h3>\n<ul>\n<li><strong>Doctorante en Administraci&oacute;n P&uacute;blica<\/strong><span style=\"font-weight: 400;\"> por el Instituto de Administraci&oacute;n P&uacute;blica del Estado de Jalisco y sus Municipios A.C.&nbsp;<\/span><\/li>\n<li><span style=\"font-weight: 400;\">Maestr&iacute;a en Econom&iacute;a y Pol&iacute;tica Internacional, Centro de Investigaci&oacute;n y Docencia Econ&oacute;mica, CIDE<\/span><\/li>\n<li><strong>Maestr&iacute;a&nbsp; en Econom&iacute;a y Gobierno <\/strong><span style=\"font-weight: 400;\">&nbsp;por la Universidad An&aacute;huac, Campus Norte<\/span><\/li>\n<li><span style=\"font-weight: 400;\">Maestr&iacute;a en Educaci&oacute;n, Universidad del Valle de Atemajac, UNIVA&nbsp;<\/span><\/li>\n<li><span style=\"font-weight: 400;\">Licenciatura en Econom&iacute;a por la Universidad de Guadalajara<\/span><\/li>\n<li><span style=\"font-weight: 400;\">Diplomado en Evaluaci&oacute;n de Pol&iacute;ticas P&uacute;blicas Universidad An&aacute;huac&nbsp;<\/span><\/li>\n<li><span style=\"font-weight: 400;\">Diplomado en Mercadotecnia Pol&iacute;tica Instituto Tecnol&oacute;gico Aut&oacute;nomo de M&eacute;xico ITAM&nbsp;<\/span><\/li>\n<li><span style=\"font-weight: 400;\">Diplomado en An&aacute;lisis Pol&iacute;tico, Universidad Iberoamericana\/ Universidad Complutense de Madrid.&nbsp;<\/span><\/li>\n<li><span style=\"font-weight: 400;\">Cursos de Actualizaci&oacute;n sobre Pol&iacute;ticas P&uacute;blicas en Centro Latinoamericano de Administraci&oacute;n para el Desarrollo CLADE en Argentina, Brasil, Espa&ntilde;a, Venezuela y Rep&uacute;blica Dominicana.<\/span><\/li>\n<\/ul>\n<h3><span style=\"color: #5b1a1f;\">Actualmente se desmpe&ntilde;a como<\/span><\/h3>\n<ul>\n<li style=\"font-weight: 400;\" aria-level=\"2\"><span style=\"font-weight: 400;\">Docente en la maestr&iacute;a de Finanzas y Auditoria Gubernamental en el Instituto de Administraci&oacute;n P&uacute;blica del Estado de Jalisco y sus Municipios A.C.<\/span><\/li>\n<li style=\"font-weight: 400;\" aria-level=\"2\"><span style=\"font-weight: 400;\">Presidente del Colegio de Economistas de Jalisco, A.C.<\/span><\/li>\n<li style=\"font-weight: 400;\" aria-level=\"2\"><span style=\"font-weight: 400;\">Articulista y comentarista en asuntos econ&oacute;micos en medios impresos y electr&oacute;nicos<\/span><\/li>\n<li style=\"font-weight: 400;\" aria-level=\"2\"><span style=\"font-weight: 400;\">Miembro externo del Grupo Acad&eacute;mico de la Carrera en Econom&iacute;a y Negocios de la Universidad Aut&oacute;noma de Guadalajara.&nbsp;<\/span><\/li>\n<\/ul>\n\t\t\t\t\t\t\t\t<\/div>\n\t\t\t\t<\/div>\n\t\t\t\t\t<\/div>\n\t\t\t\t<\/div>\n\t\t\t\t\t<\/details>\n\t\t\t\t\t\t<details id=\"e-n-accordion-item-6088\" class=\"e-n-accordion-item\" >\n\t\t\t\t<summary class=\"e-n-accordion-item-title\" data-accordion-index=\"9\" tabindex=\"-1\" aria-expanded=\"false\" aria-controls=\"e-n-accordion-item-6088\" >\n\t\t\t\t\t<span class='e-n-accordion-item-title-header'><div class=\"e-n-accordion-item-title-text\"> Mtro. Carlos Gabriel Pinz\u00f3n Estevez <\/div><\/span>\n\t\t\t\t\t\t\t<span class='e-n-accordion-item-title-icon'>\n\t\t\t<span class='e-opened' ><svg aria-hidden=\"true\" class=\"e-font-icon-svg e-fas-minus\" viewBox=\"0 0 448 512\" xmlns=\"http:\/\/www.w3.org\/2000\/svg\"><path d=\"M416 208H32c-17.67 0-32 14.33-32 32v32c0 17.67 14.33 32 32 32h384c17.67 0 32-14.33 32-32v-32c0-17.67-14.33-32-32-32z\"><\/path><\/svg><\/span>\n\t\t\t<span class='e-closed'><svg aria-hidden=\"true\" class=\"e-font-icon-svg e-fas-plus\" viewBox=\"0 0 448 512\" xmlns=\"http:\/\/www.w3.org\/2000\/svg\"><path d=\"M416 208H272V64c0-17.67-14.33-32-32-32h-32c-17.67 0-32 14.33-32 32v144H32c-17.67 0-32 14.33-32 32v32c0 17.67 14.33 32 32 32h144v144c0 17.67 14.33 32 32 32h32c17.67 0 32-14.33 32-32V304h144c17.67 0 32-14.33 32-32v-32c0-17.67-14.33-32-32-32z\"><\/path><\/svg><\/span>\n\t\t<\/span>\n\n\t\t\t\t\t\t<\/summary>\n\t\t\t\t<div role=\"region\" aria-labelledby=\"e-n-accordion-item-6088\" class=\"elementor-element elementor-element-014252a e-flex e-con-boxed e-con e-child\" data-id=\"014252a\" data-element_type=\"container\" data-e-type=\"container\">\n\t\t\t\t\t<div class=\"e-con-inner\">\n\t\t\t\t<div class=\"elementor-element elementor-element-4361c84 elementor-widget elementor-widget-image\" data-id=\"4361c84\" data-element_type=\"widget\" data-e-type=\"widget\" data-widget_type=\"image.default\">\n\t\t\t\t<div class=\"elementor-widget-container\">\n\t\t\t\t\t\t\t\t\t\t\t\t\t\t\t<img loading=\"lazy\" decoding=\"async\" width=\"150\" height=\"150\" src=\"https:\/\/iapjalisco.org.mx\/wp-content\/uploads\/2025\/07\/mt_pinzonestevez-150x150.jpg\" class=\"attachment-thumbnail size-thumbnail wp-image-484\" alt=\"\" srcset=\"https:\/\/iapjalisco.org.mx\/wp-content\/uploads\/2025\/07\/mt_pinzonestevez-150x150.jpg 150w, https:\/\/iapjalisco.org.mx\/wp-content\/uploads\/2025\/07\/mt_pinzonestevez.jpg 244w\" sizes=\"(max-width: 150px) 100vw, 150px\" \/>\t\t\t\t\t\t\t\t\t\t\t\t\t\t\t<\/div>\n\t\t\t\t<\/div>\n\t\t\t\t<div class=\"elementor-element elementor-element-7a6a2d2 elementor-widget__width-initial elementor-widget elementor-widget-text-editor\" data-id=\"7a6a2d2\" data-element_type=\"widget\" data-e-type=\"widget\" data-widget_type=\"text-editor.default\">\n\t\t\t\t<div class=\"elementor-widget-container\">\n\t\t\t\t\t\t\t\t\t<h3><span style=\"color: #5b1a1f;\">Docente<\/span><\/h3>\n<h3><span style=\"color: #5b1a1f;\">Descripci&oacute;n profesional<\/span><\/h3>\n<ul>\n<li><span style=\"font-weight: 400;\">Licenciado en Contadur&iacute;a P&uacute;blica por la Universidad de Guadalajara.<\/span><\/li>\n<li><span style=\"font-weight: 400;\"> Maestro en Finanzas por el Instituto de Especializaci&oacute;n para Ejecutivos, S.C.<\/span><\/li>\n<li><span style=\"font-weight: 400;\"> Maestro en Derecho Fiscal e Impuestos por Tegra Capacitaci&oacute;n Continua, S.C.<\/span><\/li>\n<li><span style=\"font-weight: 400;\"> Especialidad en Finanzas por la Universidad de Guadalajara.<\/span><\/li>\n<li><span style=\"font-weight: 400;\"> Diplomado en Derecho Fiscal y Corporativo por el Instituto de Especializaci&oacute;n para Ejecutivos, S.C.<\/span><\/li>\n<li><span style=\"font-weight: 400;\"> Diplomados en Impuestos por el Instituto de Especializaci&oacute;n para Ejecutivos, S.C.<\/span><\/li>\n<li><span style=\"font-weight: 400;\"> Diplomado en Gesti&oacute;n P&uacute;blica Estrat&eacute;gica por la Universidad Aut&oacute;noma de Guadalajara.<\/span><\/li>\n<li><span style=\"font-weight: 400;\"> Diplomado en Administraci&oacute;n Avanzada por la Universidad Aut&oacute;noma de Guadalajara.<\/span><\/li>\n<\/ul>\n<h3><span style=\"color: #5b1a1f;\">Actualmente se desmpe&ntilde;a como<\/span><\/h3>\n<ul>\n<li><span style=\"font-weight: 400;\">Director de Contabilidad en el Instituto de Pensiones del Estado de Jalisco, teniendo a su cargo la preparaci&oacute;n de estados financieros, la determinaci&oacute;n y el entero de impuestos federales y estatales, participa en la integraci&oacute;n de la cuenta p&uacute;blica del Instituto, as&iacute; como en la atenci&oacute;n a los requerimientos de informaci&oacute;n y la atenci&oacute;n a las observaciones determinadas en las auditorias.<\/span><\/li>\n<li><span style=\"font-weight: 400;\">Maestro en la Maestr&iacute;a de Finanzas y Auditor&iacute;a Gubernamental del Instituto de Administraci&oacute;n P&uacute;blica del Estado de Jalisco&nbsp;<\/span><\/li>\n<\/ul>\n\t\t\t\t\t\t\t\t<\/div>\n\t\t\t\t<\/div>\n\t\t\t\t\t<\/div>\n\t\t\t\t<\/div>\n\t\t\t\t\t<\/details>\n\t\t\t\t\t\t<details id=\"e-n-accordion-item-6089\" class=\"e-n-accordion-item\" >\n\t\t\t\t<summary class=\"e-n-accordion-item-title\" data-accordion-index=\"10\" tabindex=\"-1\" aria-expanded=\"false\" aria-controls=\"e-n-accordion-item-6089\" >\n\t\t\t\t\t<span class='e-n-accordion-item-title-header'><div class=\"e-n-accordion-item-title-text\"> Mtro. Eligio I\u00f1iguez Gonz\u00e1lez <\/div><\/span>\n\t\t\t\t\t\t\t<span class='e-n-accordion-item-title-icon'>\n\t\t\t<span class='e-opened' ><svg aria-hidden=\"true\" class=\"e-font-icon-svg e-fas-minus\" viewBox=\"0 0 448 512\" xmlns=\"http:\/\/www.w3.org\/2000\/svg\"><path d=\"M416 208H32c-17.67 0-32 14.33-32 32v32c0 17.67 14.33 32 32 32h384c17.67 0 32-14.33 32-32v-32c0-17.67-14.33-32-32-32z\"><\/path><\/svg><\/span>\n\t\t\t<span class='e-closed'><svg aria-hidden=\"true\" class=\"e-font-icon-svg e-fas-plus\" viewBox=\"0 0 448 512\" xmlns=\"http:\/\/www.w3.org\/2000\/svg\"><path d=\"M416 208H272V64c0-17.67-14.33-32-32-32h-32c-17.67 0-32 14.33-32 32v144H32c-17.67 0-32 14.33-32 32v32c0 17.67 14.33 32 32 32h144v144c0 17.67 14.33 32 32 32h32c17.67 0 32-14.33 32-32V304h144c17.67 0 32-14.33 32-32v-32c0-17.67-14.33-32-32-32z\"><\/path><\/svg><\/span>\n\t\t<\/span>\n\n\t\t\t\t\t\t<\/summary>\n\t\t\t\t<div role=\"region\" aria-labelledby=\"e-n-accordion-item-6089\" class=\"elementor-element elementor-element-5fdaf68 e-flex e-con-boxed e-con e-child\" data-id=\"5fdaf68\" data-element_type=\"container\" data-e-type=\"container\">\n\t\t\t\t\t<div class=\"e-con-inner\">\n\t\t\t\t<div class=\"elementor-element elementor-element-7251c8c elementor-widget elementor-widget-image\" data-id=\"7251c8c\" data-element_type=\"widget\" data-e-type=\"widget\" data-widget_type=\"image.default\">\n\t\t\t\t<div class=\"elementor-widget-container\">\n\t\t\t\t\t\t\t\t\t\t\t\t\t\t\t<img loading=\"lazy\" decoding=\"async\" width=\"150\" height=\"150\" src=\"https:\/\/iapjalisco.org.mx\/wp-content\/uploads\/2025\/07\/mt_iniguezgonzalez-150x150.jpg\" class=\"attachment-thumbnail size-thumbnail wp-image-477\" alt=\"\" srcset=\"https:\/\/iapjalisco.org.mx\/wp-content\/uploads\/2025\/07\/mt_iniguezgonzalez-150x150.jpg 150w, https:\/\/iapjalisco.org.mx\/wp-content\/uploads\/2025\/07\/mt_iniguezgonzalez.jpg 259w\" sizes=\"(max-width: 150px) 100vw, 150px\" \/>\t\t\t\t\t\t\t\t\t\t\t\t\t\t\t<\/div>\n\t\t\t\t<\/div>\n\t\t\t\t<div class=\"elementor-element elementor-element-a408a74 elementor-widget__width-initial elementor-widget elementor-widget-text-editor\" data-id=\"a408a74\" data-element_type=\"widget\" data-e-type=\"widget\" data-widget_type=\"text-editor.default\">\n\t\t\t\t<div class=\"elementor-widget-container\">\n\t\t\t\t\t\t\t\t\t<h3><span style=\"color: #5b1a1f;\">Docente<\/span><\/h3>\n<h3><span style=\"color: #5b1a1f;\">Descripci&oacute;n profesional<\/span><\/h3>\n<ul>\n<li><strong>Maestro en Administraci&oacute;n P&uacute;blica<\/strong><span style=\"font-weight: 300;\"> por el Instituto de Administraci&oacute;n P&uacute;blica del Estado de Jalisco y sus Municipios A.C.<\/span><\/li>\n<li><span style=\"font-weight: 300;\">Egresado de la Universidad de Guadalajara del Centro Universitario de Ciencias Exactas e Ingenier&iacute;as, de Licenciatura en <\/span><strong>Ingenier&iacute;a Mec&aacute;nica Electricista.<\/strong><\/li>\n<li><strong>Especialista en Aire acondicionado <\/strong><span style=\"font-weight: 300;\">con certifiaci&oacute;n <\/span><strong>DC-3 <\/strong><span style=\"font-weight: 300;\">por Centro de Capacitaci&oacute;n T&eacute;cnica LATAM.<\/span><\/li>\n<li><strong>Especialista en utilizaci&oacute;n del Programa Opus de Precios Unitarios <\/strong><span style=\"font-weight: 300;\">certificado por la empresa Ecosoft.<\/span><\/li>\n<li><strong>Especialista el&eacute;ctrico en baja tension <\/strong><span style=\"font-weight: 300;\">certificado por grupo CARSO.<\/span><\/li>\n<li><strong>Especisalista en cableado estructurado<\/strong><span style=\"font-weight: 300;\"> certificado por la empresa Panduit.<\/span><\/li>\n<li><span style=\"font-weight: 300;\">Dise&ntilde;ador y supervisor de la costrucc&oacute;n de las instalaciones Electromec&aacute;nicas de las UNIRSES (Unidades Regionales de Servicios Estatale) en las localidades de Ocotl&aacute;n, Lagos de Moreno y&nbsp; Puerto Vallarta.<\/span><\/li>\n<\/ul>\n<h3><span style=\"color: #5b1a1f;\">Actualmente se desmpe&ntilde;a como<\/span><\/h3>\n<ul>\n<li><strong>Coordinador de instalaciones electromec&aacute;nicas <\/strong><span style=\"font-weight: 400;\">de la Direcci&oacute;n de Conservaci&oacute;n y Racionalizaci&oacute;n de Espacios de la Secretar&iacute;a de Administraci&oacute;n del Gobierno del Estado de Jalisco.&nbsp;<\/span><\/li>\n<li><strong>Docente de maestr&iacute;a<\/strong><span style=\"font-weight: 400;\"> en el Instituto de Administraci&oacute;n P&uacute;blica del Estado de Jalisco (IAPEJ).&nbsp;<\/span><\/li>\n<\/ul>\n<p>&nbsp;<\/p>\n\t\t\t\t\t\t\t\t<\/div>\n\t\t\t\t<\/div>\n\t\t\t\t\t<\/div>\n\t\t\t\t<\/div>\n\t\t\t\t\t<\/details>\n\t\t\t\t\t\t<details id=\"e-n-accordion-item-60810\" class=\"e-n-accordion-item\" >\n\t\t\t\t<summary class=\"e-n-accordion-item-title\" data-accordion-index=\"11\" tabindex=\"-1\" aria-expanded=\"false\" aria-controls=\"e-n-accordion-item-60810\" >\n\t\t\t\t\t<span class='e-n-accordion-item-title-header'><div class=\"e-n-accordion-item-title-text\"> Mtro. Mart\u00edn Ernesto Gudi\u00f1o Ch\u00e1vez <\/div><\/span>\n\t\t\t\t\t\t\t<span class='e-n-accordion-item-title-icon'>\n\t\t\t<span class='e-opened' ><svg aria-hidden=\"true\" class=\"e-font-icon-svg e-fas-minus\" viewBox=\"0 0 448 512\" xmlns=\"http:\/\/www.w3.org\/2000\/svg\"><path d=\"M416 208H32c-17.67 0-32 14.33-32 32v32c0 17.67 14.33 32 32 32h384c17.67 0 32-14.33 32-32v-32c0-17.67-14.33-32-32-32z\"><\/path><\/svg><\/span>\n\t\t\t<span class='e-closed'><svg aria-hidden=\"true\" class=\"e-font-icon-svg e-fas-plus\" viewBox=\"0 0 448 512\" xmlns=\"http:\/\/www.w3.org\/2000\/svg\"><path d=\"M416 208H272V64c0-17.67-14.33-32-32-32h-32c-17.67 0-32 14.33-32 32v144H32c-17.67 0-32 14.33-32 32v32c0 17.67 14.33 32 32 32h144v144c0 17.67 14.33 32 32 32h32c17.67 0 32-14.33 32-32V304h144c17.67 0 32-14.33 32-32v-32c0-17.67-14.33-32-32-32z\"><\/path><\/svg><\/span>\n\t\t<\/span>\n\n\t\t\t\t\t\t<\/summary>\n\t\t\t\t<div role=\"region\" aria-labelledby=\"e-n-accordion-item-60810\" class=\"elementor-element elementor-element-e593e63 e-flex e-con-boxed e-con e-child\" data-id=\"e593e63\" data-element_type=\"container\" data-e-type=\"container\">\n\t\t\t\t\t<div class=\"e-con-inner\">\n\t\t\t\t<div class=\"elementor-element elementor-element-2e71d0b elementor-widget elementor-widget-image\" data-id=\"2e71d0b\" data-element_type=\"widget\" data-e-type=\"widget\" data-widget_type=\"image.default\">\n\t\t\t\t<div class=\"elementor-widget-container\">\n\t\t\t\t\t\t\t\t\t\t\t\t\t\t\t<img loading=\"lazy\" decoding=\"async\" width=\"150\" height=\"150\" src=\"https:\/\/iapjalisco.org.mx\/wp-content\/uploads\/2025\/07\/mt_gudinochavez-150x150.jpg\" class=\"attachment-thumbnail size-thumbnail wp-image-474\" alt=\"\" srcset=\"https:\/\/iapjalisco.org.mx\/wp-content\/uploads\/2025\/07\/mt_gudinochavez-150x150.jpg 150w, https:\/\/iapjalisco.org.mx\/wp-content\/uploads\/2025\/07\/mt_gudinochavez-300x300.jpg 300w, https:\/\/iapjalisco.org.mx\/wp-content\/uploads\/2025\/07\/mt_gudinochavez.jpg 351w\" sizes=\"(max-width: 150px) 100vw, 150px\" \/>\t\t\t\t\t\t\t\t\t\t\t\t\t\t\t<\/div>\n\t\t\t\t<\/div>\n\t\t\t\t<div class=\"elementor-element elementor-element-6cea0fa elementor-widget__width-initial elementor-widget elementor-widget-text-editor\" data-id=\"6cea0fa\" data-element_type=\"widget\" data-e-type=\"widget\" data-widget_type=\"text-editor.default\">\n\t\t\t\t<div class=\"elementor-widget-container\">\n\t\t\t\t\t\t\t\t\t<h3><span style=\"color: #5b1a1f;\">Docente<\/span><\/h3>\n<h3><span style=\"color: #5b1a1f;\">Descripci&oacute;n profesional<\/span><\/h3>\n<ul>\n<li><strong>Maestro en Administraci&oacute;n P&uacute;blica<\/strong><span style=\"font-weight: 400;\"> por el Instituto de Administraci&oacute;n P&uacute;blica del Estado de Jalisco y sus Municipios A.C.&nbsp;<\/span><\/li>\n<li><strong>Licenciado en Contadur&iacute;a <\/strong><span style=\"font-weight: 400;\">por el Centro de Estudios Universitarios Veracruz.<\/span><\/li>\n<li><span style=\"font-weight: 400;\">Labor&oacute; en el Gobierno del Estado de Jalisco como Director General de Gastos de Operaci&oacute;n e Inversi&oacute;n, Director de Gesti&oacute;n Metropolitana y Programas Especiales, Director de Contabilidad, Director de Planeaci&oacute;n Fiscal e Ingresos Coordinados, Director de Revisi&oacute;n del Egreso, Jefe de Unidad Departamental de Revisi&oacute;n de Subsidios y Transferencias, Jefe de Unidad Departamental de Revisi&oacute;n de Ingresos en Organismos y Dependencias, Supervisor de Auditores.<\/span><\/li>\n<li><span style=\"font-weight: 400;\">Labor&oacute; en el Instituto de Pensiones del Estado de Jalisco como Director de Finanzas, Director de Estudios Econ&oacute;micos, Actuariales y Presupuesto.<\/span><\/li>\n<li><span style=\"font-weight: 400;\">Labor&oacute; en el Gobierno Municipal de Guadalajara, como Jefe de Unidad Departamental en la Contralor&iacute;a Ciudadana.&nbsp;<\/span><\/li>\n<li><span style=\"font-weight: 400;\">Participaci&oacute;n como Docente en Diplomado de Contabilidad Gubernamental del Colegio de Contadores&nbsp; P&uacute;blicos de Guadalajara, Jalisco.<\/span><\/li>\n<li><span style=\"font-weight: 400;\">Colaboraci&oacute;n en diversos municipios de la Zona Metropolitana y foranea en materia administrativa y consultiva.<\/span><\/li>\n<\/ul>\n<h3><span style=\"color: #5b1a1f;\">Actualmente se desmpe&ntilde;a como<\/span><\/h3>\n<ul>\n<li><strong>Docente de maestr&iacute;a<\/strong><span style=\"font-weight: 400;\"> en el Instituto de Administraci&oacute;n P&uacute;blica del Estado de Jalisco (IAPEJ).&nbsp;<\/span><\/li>\n<li><strong>Docente de maestr&iacute;a<\/strong><span style=\"font-weight: 400;\"> en el Colegio de Contadores P&uacute;blicos de Guadalajara Jalisco (CCPGJ).<\/span><\/li>\n<li><strong>Consultor Gubernamental <\/strong><span style=\"font-weight: 400;\">en mater&iacute;a de Auditor&iacute;a y Contabilidad Gubernamental,,&nbsp;<\/span><\/li>\n<li><span style=\"font-weight: 400;\">&nbsp;&nbsp;&nbsp;&nbsp;&nbsp;Control Presupuestal y Gesti&oacute;n Administrativa.<\/span><\/li>\n<\/ul>\n\t\t\t\t\t\t\t\t<\/div>\n\t\t\t\t<\/div>\n\t\t\t\t\t<\/div>\n\t\t\t\t<\/div>\n\t\t\t\t\t<\/details>\n\t\t\t\t\t\t<details id=\"e-n-accordion-item-60811\" class=\"e-n-accordion-item\" >\n\t\t\t\t<summary class=\"e-n-accordion-item-title\" data-accordion-index=\"12\" tabindex=\"-1\" aria-expanded=\"false\" aria-controls=\"e-n-accordion-item-60811\" >\n\t\t\t\t\t<span class='e-n-accordion-item-title-header'><div class=\"e-n-accordion-item-title-text\"> Mtro. Rafael Nambo Jacobo <\/div><\/span>\n\t\t\t\t\t\t\t<span class='e-n-accordion-item-title-icon'>\n\t\t\t<span class='e-opened' ><svg aria-hidden=\"true\" class=\"e-font-icon-svg e-fas-minus\" viewBox=\"0 0 448 512\" xmlns=\"http:\/\/www.w3.org\/2000\/svg\"><path d=\"M416 208H32c-17.67 0-32 14.33-32 32v32c0 17.67 14.33 32 32 32h384c17.67 0 32-14.33 32-32v-32c0-17.67-14.33-32-32-32z\"><\/path><\/svg><\/span>\n\t\t\t<span class='e-closed'><svg aria-hidden=\"true\" class=\"e-font-icon-svg e-fas-plus\" viewBox=\"0 0 448 512\" xmlns=\"http:\/\/www.w3.org\/2000\/svg\"><path d=\"M416 208H272V64c0-17.67-14.33-32-32-32h-32c-17.67 0-32 14.33-32 32v144H32c-17.67 0-32 14.33-32 32v32c0 17.67 14.33 32 32 32h144v144c0 17.67 14.33 32 32 32h32c17.67 0 32-14.33 32-32V304h144c17.67 0 32-14.33 32-32v-32c0-17.67-14.33-32-32-32z\"><\/path><\/svg><\/span>\n\t\t<\/span>\n\n\t\t\t\t\t\t<\/summary>\n\t\t\t\t<div role=\"region\" aria-labelledby=\"e-n-accordion-item-60811\" class=\"elementor-element elementor-element-f64ed63 e-flex e-con-boxed e-con e-child\" data-id=\"f64ed63\" data-element_type=\"container\" data-e-type=\"container\">\n\t\t\t\t\t<div class=\"e-con-inner\">\n\t\t\t\t<div class=\"elementor-element elementor-element-68fbd70 elementor-widget elementor-widget-image\" data-id=\"68fbd70\" data-element_type=\"widget\" data-e-type=\"widget\" data-widget_type=\"image.default\">\n\t\t\t\t<div class=\"elementor-widget-container\">\n\t\t\t\t\t\t\t\t\t\t\t\t\t\t\t<img loading=\"lazy\" decoding=\"async\" width=\"150\" height=\"150\" src=\"https:\/\/iapjalisco.org.mx\/wp-content\/uploads\/2025\/07\/mt_nambojacobo-150x150.jpg\" class=\"attachment-thumbnail size-thumbnail wp-image-480\" alt=\"\" srcset=\"https:\/\/iapjalisco.org.mx\/wp-content\/uploads\/2025\/07\/mt_nambojacobo-150x150.jpg 150w, https:\/\/iapjalisco.org.mx\/wp-content\/uploads\/2025\/07\/mt_nambojacobo-300x300.jpg 300w, https:\/\/iapjalisco.org.mx\/wp-content\/uploads\/2025\/07\/mt_nambojacobo.jpg 324w\" sizes=\"(max-width: 150px) 100vw, 150px\" \/>\t\t\t\t\t\t\t\t\t\t\t\t\t\t\t<\/div>\n\t\t\t\t<\/div>\n\t\t\t\t<div class=\"elementor-element elementor-element-8b3522a elementor-widget__width-initial elementor-widget elementor-widget-text-editor\" data-id=\"8b3522a\" data-element_type=\"widget\" data-e-type=\"widget\" data-widget_type=\"text-editor.default\">\n\t\t\t\t<div class=\"elementor-widget-container\">\n\t\t\t\t\t\t\t\t\t<h3><span style=\"color: #5b1a1f;\">Docente<\/span><\/h3>\n<h3><span style=\"color: #5b1a1f;\">Descripci&oacute;n profesional<\/span><\/h3>\n<ul>\n<li><strong>Doctorante en Administraci&oacute;n P&uacute;blica<\/strong><span style=\"font-weight: 300;\"> por el Instituto de Administraci&oacute;n P&uacute;blica del Estado de Jalisco y sus Municipios A.C. <\/span><span style=\"font-weight: 400;\">(IAPEJ).<\/span><\/li>\n<li><strong>Maestro en An&aacute;lisis Tributario <\/strong><span style=\"font-weight: 300;\">por la Universidad de Guadalajara (Centro Universitario de Ciencias Econ&oacute;mico Administrativas).<\/span><\/li>\n<li><strong>Licenciado en Contadur&iacute;a P&uacute;blica <\/strong><span style=\"font-weight: 300;\">por la Universidad de Guadalajara (Centro Universitario de Ciencias Econ&oacute;mico Administrativas).<\/span><\/li>\n<li><strong>Diplomado en Contabilidad Gubernamental<\/strong><span style=\"font-weight: 300;\"> por el Instituto para el Desarrollo T&eacute;cnico de las Haciendas P&uacute;blicas (INDETEC).<\/span><\/li>\n<li><strong>Diplomado en Contabilidad Gubernamental<\/strong><span style=\"font-weight: 300;\"> por la Asociaci&oacute;n Nacional de Organismos de Fiscalizaci&oacute;n Superior y Control Gubernamental, A.C. (ASOFIS).<\/span><\/li>\n<li><strong>Diplomado en Presupuesto Basado en Resultados<\/strong><span style=\"font-weight: 300;\"> por la Universidad Nacional Aut&oacute;noma de M&eacute;xico (UNAM) y la Secretar&iacute;a de Hacienda y Cr&eacute;dito P&uacute;blico (SHCP).<\/span><\/li>\n<li><span style=\"font-weight: 300;\">Labor&oacute; en la Coordinaci&oacute;n General de Gesti&oacute;n Gubernamental de la <\/span><span style=\"font-weight: 400;\">Secretar&iacute;a de Planeaci&oacute;n, Administraci&oacute;n y Finanzas del Gobierno del Estado de Jalisco<\/span><span style=\"font-weight: 300;\">.<\/span><\/li>\n<li><span style=\"font-weight: 300;\">Labor&oacute; en despachos especializados en material <\/span><span style=\"font-weight: 400;\">fiscal y de auditoria<\/span><span style=\"font-weight: 300;\"> (Ruvalcaba Villalobos y Compa&ntilde;&iacute;a S.C. y Baker Tilly M&eacute;xico S.C.).<\/span><\/li>\n<li><span style=\"font-weight: 300;\">Ha participado como <\/span><span style=\"font-weight: 400;\">Docente en las Licenciaturas de Contadur&iacute;a P&uacute;blica y Administraci&oacute;n de Empresas<\/span><span style=\"font-weight: 300;\"> en la Universidad Am&eacute;rica Latina (UAL).<\/span><\/li>\n<\/ul>\n<h3><span style=\"color: #5b1a1f;\">Actualmente se desmpe&ntilde;a como<\/span><\/h3>\n<ul>\n<li><strong>T&eacute;cnico Investigador de la Direcci&oacute;n de Disciplina Financiera <\/strong><span style=\"font-weight: 400;\">en el Instituto para el Desarrollo T&eacute;cnico de las Haciendas P&uacute;blicas (INDETEC).&nbsp;<\/span><\/li>\n<li><strong>Suplente de los representantes de los grupos de trabajo de Deuda y Empr&eacute;stitos<\/strong><span style=\"font-weight: 400;\">; del Sistema Nacional de Coordinaci&oacute;n Fiscal.<\/span><\/li>\n<li><strong>Instructor de cursos en materia de disciplina financiera y contabilidad gubernamental<\/strong><span style=\"font-weight: 400;\"> a funcionarios p&uacute;blicos de las Haciendas P&uacute;blicas de las Entidades Federativas.<\/span><\/li>\n<li><strong>Autor de varias publicaciones especiales y art&iacute;culos<\/strong><span style=\"font-weight: 400;\"> en la revista de &ldquo;Federalismo Hacendario&rdquo;, &ldquo;Hacienda Municipal&rdquo; y &ldquo;Bolet&iacute;n Financiero&rdquo; de INDETEC.<\/span><\/li>\n<li><strong>Asesor t&eacute;cnico de la &ldquo;Especialidad en Disciplina Financiera&rdquo; y del &ldquo;Diplomado en Contabilidad Gubernamental&rdquo; <\/strong><span style=\"font-weight: 400;\">de INDETEC.<\/span><\/li>\n<li><strong>Docente de maestr&iacute;a<\/strong><span style=\"font-weight: 400;\"> en el Instituto de Administraci&oacute;n P&uacute;blica del Estado de Jalisco y sus Municipios A.C. (IAPEJ).&nbsp;<\/span><\/li>\n<li><span style=\"font-weight: 400;\">Socio fundador y asesor fiscal de la firma <\/span><strong>Nambo y Asociados S.C.<\/strong><\/li>\n<\/ul>\n\t\t\t\t\t\t\t\t<\/div>\n\t\t\t\t<\/div>\n\t\t\t\t\t<\/div>\n\t\t\t\t<\/div>\n\t\t\t\t\t<\/details>\n\t\t\t\t\t<\/div>\n\t\t\t\t\t\t<\/div>\n\t\t\t\t<\/div>\n\t\t\t\t\t<\/div>\n\t\t\t\t<\/div>\n\t\t\t\t<\/div>\n\t\t","protected":false},"excerpt":{"rendered":"<p>Rese\u00f1a curricular: MAESTR\u00cdA EN FINANZAS Y AUDITORIA GUBERNAMENTAL Bienvenidos a esta p\u00e1gina dedicada a ofrecer una visi\u00f3n general de los perfiles del personal docente de la Maestr\u00eda en Finanzas y Auditoria Gubernamental. Aqu\u00ed encontrar\u00e1s informaci\u00f3n clave sobre los objetivos formativos, las l\u00edneas de investigaci\u00f3n, y la trayectoria de los docentes que conforman el n\u00facleo acad\u00e9mico, [&hellip;]<\/p>\n","protected":false},"author":1,"featured_media":0,"parent":0,"menu_order":0,"comment_status":"closed","ping_status":"closed","template":"","meta":{"footnotes":""},"class_list":["post-432","page","type-page","status-publish","hentry"],"yoast_head":"<!-- This site is optimized with the Yoast SEO plugin v27.3 - https:\/\/yoast.com\/product\/yoast-seo-wordpress\/ -->\n<title>Res-MFAG - IAPEJ<\/title>\n<meta name=\"robots\" content=\"index, follow, max-snippet:-1, max-image-preview:large, max-video-preview:-1\" \/>\n<link rel=\"canonical\" href=\"https:\/\/iapjalisco.org.mx\/index.php\/res-mfag\/\" \/>\n<meta property=\"og:locale\" content=\"es_ES\" \/>\n<meta property=\"og:type\" content=\"article\" \/>\n<meta property=\"og:title\" content=\"Res-MFAG - IAPEJ\" \/>\n<meta property=\"og:description\" content=\"Rese\u00f1a curricular: MAESTR\u00cdA EN FINANZAS Y AUDITORIA GUBERNAMENTAL Bienvenidos a esta p\u00e1gina dedicada a ofrecer una visi\u00f3n general de los perfiles del personal docente de la Maestr\u00eda en Finanzas y Auditoria Gubernamental. Aqu\u00ed encontrar\u00e1s informaci\u00f3n clave sobre los objetivos formativos, las l\u00edneas de investigaci\u00f3n, y la trayectoria de los docentes que conforman el n\u00facleo acad\u00e9mico, [&hellip;]\" \/>\n<meta property=\"og:url\" content=\"https:\/\/iapjalisco.org.mx\/index.php\/res-mfag\/\" \/>\n<meta property=\"og:site_name\" content=\"IAPEJ\" \/>\n<meta property=\"article:modified_time\" content=\"2026-04-28T19:42:00+00:00\" \/>\n<meta property=\"og:image\" content=\"https:\/\/iapjalisco.org.mx\/wp-content\/uploads\/2025\/07\/mt_medranofigueroa-150x150.jpg\" \/>\n<meta name=\"twitter:card\" content=\"summary_large_image\" \/>\n<meta name=\"twitter:label1\" content=\"Tiempo de lectura\" \/>\n\t<meta name=\"twitter:data1\" content=\"28 minutos\" \/>\n<script type=\"application\/ld+json\" class=\"yoast-schema-graph\">{\"@context\":\"https:\\\/\\\/schema.org\",\"@graph\":[{\"@type\":\"WebPage\",\"@id\":\"https:\\\/\\\/iapjalisco.org.mx\\\/index.php\\\/res-mfag\\\/\",\"url\":\"https:\\\/\\\/iapjalisco.org.mx\\\/index.php\\\/res-mfag\\\/\",\"name\":\"Res-MFAG - IAPEJ\",\"isPartOf\":{\"@id\":\"https:\\\/\\\/iapjalisco.org.mx\\\/#website\"},\"primaryImageOfPage\":{\"@id\":\"https:\\\/\\\/iapjalisco.org.mx\\\/index.php\\\/res-mfag\\\/#primaryimage\"},\"image\":{\"@id\":\"https:\\\/\\\/iapjalisco.org.mx\\\/index.php\\\/res-mfag\\\/#primaryimage\"},\"thumbnailUrl\":\"https:\\\/\\\/iapjalisco.org.mx\\\/wp-content\\\/uploads\\\/2025\\\/07\\\/mt_medranofigueroa-150x150.jpg\",\"datePublished\":\"2025-07-25T05:37:02+00:00\",\"dateModified\":\"2026-04-28T19:42:00+00:00\",\"breadcrumb\":{\"@id\":\"https:\\\/\\\/iapjalisco.org.mx\\\/index.php\\\/res-mfag\\\/#breadcrumb\"},\"inLanguage\":\"es\",\"potentialAction\":[{\"@type\":\"ReadAction\",\"target\":[\"https:\\\/\\\/iapjalisco.org.mx\\\/index.php\\\/res-mfag\\\/\"]}]},{\"@type\":\"ImageObject\",\"inLanguage\":\"es\",\"@id\":\"https:\\\/\\\/iapjalisco.org.mx\\\/index.php\\\/res-mfag\\\/#primaryimage\",\"url\":\"https:\\\/\\\/iapjalisco.org.mx\\\/wp-content\\\/uploads\\\/2025\\\/07\\\/mt_medranofigueroa.jpg\",\"contentUrl\":\"https:\\\/\\\/iapjalisco.org.mx\\\/wp-content\\\/uploads\\\/2025\\\/07\\\/mt_medranofigueroa.jpg\",\"width\":277,\"height\":277},{\"@type\":\"BreadcrumbList\",\"@id\":\"https:\\\/\\\/iapjalisco.org.mx\\\/index.php\\\/res-mfag\\\/#breadcrumb\",\"itemListElement\":[{\"@type\":\"ListItem\",\"position\":1,\"name\":\"Portada\",\"item\":\"https:\\\/\\\/iapjalisco.org.mx\\\/\"},{\"@type\":\"ListItem\",\"position\":2,\"name\":\"Res-MFAG\"}]},{\"@type\":\"WebSite\",\"@id\":\"https:\\\/\\\/iapjalisco.org.mx\\\/#website\",\"url\":\"https:\\\/\\\/iapjalisco.org.mx\\\/\",\"name\":\"IAPEJ\",\"description\":\"Instituto de Administraci\u00f3n P\u00fablica del Estado de Jalisco\",\"publisher\":{\"@id\":\"https:\\\/\\\/iapjalisco.org.mx\\\/#organization\"},\"potentialAction\":[{\"@type\":\"SearchAction\",\"target\":{\"@type\":\"EntryPoint\",\"urlTemplate\":\"https:\\\/\\\/iapjalisco.org.mx\\\/?s={search_term_string}\"},\"query-input\":{\"@type\":\"PropertyValueSpecification\",\"valueRequired\":true,\"valueName\":\"search_term_string\"}}],\"inLanguage\":\"es\"},{\"@type\":\"Organization\",\"@id\":\"https:\\\/\\\/iapjalisco.org.mx\\\/#organization\",\"name\":\"IAPEJ\",\"url\":\"https:\\\/\\\/iapjalisco.org.mx\\\/\",\"logo\":{\"@type\":\"ImageObject\",\"inLanguage\":\"es\",\"@id\":\"https:\\\/\\\/iapjalisco.org.mx\\\/#\\\/schema\\\/logo\\\/image\\\/\",\"url\":\"https:\\\/\\\/iapjalisco.org.mx\\\/wp-content\\\/uploads\\\/2024\\\/12\\\/logo_iapej.png\",\"contentUrl\":\"https:\\\/\\\/iapjalisco.org.mx\\\/wp-content\\\/uploads\\\/2024\\\/12\\\/logo_iapej.png\",\"width\":743,\"height\":395,\"caption\":\"IAPEJ\"},\"image\":{\"@id\":\"https:\\\/\\\/iapjalisco.org.mx\\\/#\\\/schema\\\/logo\\\/image\\\/\"}}]}<\/script>\n<!-- \/ Yoast SEO plugin. -->","yoast_head_json":{"title":"Res-MFAG - IAPEJ","robots":{"index":"index","follow":"follow","max-snippet":"max-snippet:-1","max-image-preview":"max-image-preview:large","max-video-preview":"max-video-preview:-1"},"canonical":"https:\/\/iapjalisco.org.mx\/index.php\/res-mfag\/","og_locale":"es_ES","og_type":"article","og_title":"Res-MFAG - IAPEJ","og_description":"Rese\u00f1a curricular: MAESTR\u00cdA EN FINANZAS Y AUDITORIA GUBERNAMENTAL Bienvenidos a esta p\u00e1gina dedicada a ofrecer una visi\u00f3n general de los perfiles del personal docente de la Maestr\u00eda en Finanzas y Auditoria Gubernamental. Aqu\u00ed encontrar\u00e1s informaci\u00f3n clave sobre los objetivos formativos, las l\u00edneas de investigaci\u00f3n, y la trayectoria de los docentes que conforman el n\u00facleo acad\u00e9mico, [&hellip;]","og_url":"https:\/\/iapjalisco.org.mx\/index.php\/res-mfag\/","og_site_name":"IAPEJ","article_modified_time":"2026-04-28T19:42:00+00:00","og_image":[{"url":"https:\/\/iapjalisco.org.mx\/wp-content\/uploads\/2025\/07\/mt_medranofigueroa-150x150.jpg","type":"","width":"","height":""}],"twitter_card":"summary_large_image","twitter_misc":{"Tiempo de lectura":"28 minutos"},"schema":{"@context":"https:\/\/schema.org","@graph":[{"@type":"WebPage","@id":"https:\/\/iapjalisco.org.mx\/index.php\/res-mfag\/","url":"https:\/\/iapjalisco.org.mx\/index.php\/res-mfag\/","name":"Res-MFAG - IAPEJ","isPartOf":{"@id":"https:\/\/iapjalisco.org.mx\/#website"},"primaryImageOfPage":{"@id":"https:\/\/iapjalisco.org.mx\/index.php\/res-mfag\/#primaryimage"},"image":{"@id":"https:\/\/iapjalisco.org.mx\/index.php\/res-mfag\/#primaryimage"},"thumbnailUrl":"https:\/\/iapjalisco.org.mx\/wp-content\/uploads\/2025\/07\/mt_medranofigueroa-150x150.jpg","datePublished":"2025-07-25T05:37:02+00:00","dateModified":"2026-04-28T19:42:00+00:00","breadcrumb":{"@id":"https:\/\/iapjalisco.org.mx\/index.php\/res-mfag\/#breadcrumb"},"inLanguage":"es","potentialAction":[{"@type":"ReadAction","target":["https:\/\/iapjalisco.org.mx\/index.php\/res-mfag\/"]}]},{"@type":"ImageObject","inLanguage":"es","@id":"https:\/\/iapjalisco.org.mx\/index.php\/res-mfag\/#primaryimage","url":"https:\/\/iapjalisco.org.mx\/wp-content\/uploads\/2025\/07\/mt_medranofigueroa.jpg","contentUrl":"https:\/\/iapjalisco.org.mx\/wp-content\/uploads\/2025\/07\/mt_medranofigueroa.jpg","width":277,"height":277},{"@type":"BreadcrumbList","@id":"https:\/\/iapjalisco.org.mx\/index.php\/res-mfag\/#breadcrumb","itemListElement":[{"@type":"ListItem","position":1,"name":"Portada","item":"https:\/\/iapjalisco.org.mx\/"},{"@type":"ListItem","position":2,"name":"Res-MFAG"}]},{"@type":"WebSite","@id":"https:\/\/iapjalisco.org.mx\/#website","url":"https:\/\/iapjalisco.org.mx\/","name":"IAPEJ","description":"Instituto de Administraci\u00f3n P\u00fablica del Estado de Jalisco","publisher":{"@id":"https:\/\/iapjalisco.org.mx\/#organization"},"potentialAction":[{"@type":"SearchAction","target":{"@type":"EntryPoint","urlTemplate":"https:\/\/iapjalisco.org.mx\/?s={search_term_string}"},"query-input":{"@type":"PropertyValueSpecification","valueRequired":true,"valueName":"search_term_string"}}],"inLanguage":"es"},{"@type":"Organization","@id":"https:\/\/iapjalisco.org.mx\/#organization","name":"IAPEJ","url":"https:\/\/iapjalisco.org.mx\/","logo":{"@type":"ImageObject","inLanguage":"es","@id":"https:\/\/iapjalisco.org.mx\/#\/schema\/logo\/image\/","url":"https:\/\/iapjalisco.org.mx\/wp-content\/uploads\/2024\/12\/logo_iapej.png","contentUrl":"https:\/\/iapjalisco.org.mx\/wp-content\/uploads\/2024\/12\/logo_iapej.png","width":743,"height":395,"caption":"IAPEJ"},"image":{"@id":"https:\/\/iapjalisco.org.mx\/#\/schema\/logo\/image\/"}}]}},"_links":{"self":[{"href":"https:\/\/iapjalisco.org.mx\/index.php\/wp-json\/wp\/v2\/pages\/432","targetHints":{"allow":["GET"]}}],"collection":[{"href":"https:\/\/iapjalisco.org.mx\/index.php\/wp-json\/wp\/v2\/pages"}],"about":[{"href":"https:\/\/iapjalisco.org.mx\/index.php\/wp-json\/wp\/v2\/types\/page"}],"author":[{"embeddable":true,"href":"https:\/\/iapjalisco.org.mx\/index.php\/wp-json\/wp\/v2\/users\/1"}],"replies":[{"embeddable":true,"href":"https:\/\/iapjalisco.org.mx\/index.php\/wp-json\/wp\/v2\/comments?post=432"}],"version-history":[{"count":24,"href":"https:\/\/iapjalisco.org.mx\/index.php\/wp-json\/wp\/v2\/pages\/432\/revisions"}],"predecessor-version":[{"id":628,"href":"https:\/\/iapjalisco.org.mx\/index.php\/wp-json\/wp\/v2\/pages\/432\/revisions\/628"}],"wp:attachment":[{"href":"https:\/\/iapjalisco.org.mx\/index.php\/wp-json\/wp\/v2\/media?parent=432"}],"curies":[{"name":"wp","href":"https:\/\/api.w.org\/{rel}","templated":true}]}}